{"version":"1.0","provider_name":"CBR","provider_url":"https:\/\/cbr.org.br\/es","title":"Defesa Profissional e Rela\u00e7\u00f5es Institucionais - CBR","type":"rich","width":600,"height":338,"html":"<blockquote class=\"wp-embedded-content\" data-secret=\"JrEgxCFjM3\"><a href=\"https:\/\/cbr.org.br\/es\/defesa-profissional-e-relacoes-institucionais\/\">Defensa Profesional y Relaciones Institucionales<\/a><\/blockquote><iframe sandbox=\"allow-scripts\" security=\"restricted\" src=\"https:\/\/cbr.org.br\/es\/defesa-profissional-e-relacoes-institucionais\/embed\/#?secret=JrEgxCFjM3\" width=\"600\" height=\"338\" title=\"\u00abAbogac\u00eda Profesional y Relaciones Institucionales\u00bb \u2014 CBR\" data-secret=\"JrEgxCFjM3\" frameborder=\"0\" marginwidth=\"0\" marginheight=\"0\" scrolling=\"no\" class=\"wp-embedded-content\"><\/iframe><script>\n\/*! This file is auto-generated *\/\n!function(d,l){\"use strict\";l.querySelector&&d.addEventListener&&\"undefined\"!=typeof URL&&(d.wp=d.wp||{},d.wp.receiveEmbedMessage||(d.wp.receiveEmbedMessage=function(e){var t=e.data;if((t||t.secret||t.message||t.value)&&!\/[^a-zA-Z0-9]\/.test(t.secret)){for(var s,r,n,a=l.querySelectorAll('iframe[data-secret=\"'+t.secret+'\"]'),o=l.querySelectorAll('blockquote[data-secret=\"'+t.secret+'\"]'),c=new RegExp(\"^https?:$\",\"i\"),i=0;i<o.length;i++)o[i].style.display=\"none\";for(i=0;i<a.length;i++)s=a[i],e.source===s.contentWindow&&(s.removeAttribute(\"style\"),\"height\"===t.message?(1e3<(r=parseInt(t.value,10))?r=1e3:~~r<200&&(r=200),s.height=r):\"link\"===t.message&&(r=new URL(s.getAttribute(\"src\")),n=new URL(t.value),c.test(n.protocol))&&n.host===r.host&&l.activeElement===s&&(d.top.location.href=t.value))}},d.addEventListener(\"message\",d.wp.receiveEmbedMessage,!1),l.addEventListener(\"DOMContentLoaded\",function(){for(var e,t,s=l.querySelectorAll(\"iframe.wp-embedded-content\"),r=0;r<s.length;r++)(t=(e=s[r]).getAttribute(\"data-secret\"))||(t=Math.random().toString(36).substring(2,12),e.src+=\"#?secret=\"+t,e.setAttribute(\"data-secret\",t)),e.contentWindow.postMessage({message:\"ready\",secret:t},\"*\")},!1)))}(window,document);\n<\/script>","description":"Manter di\u00e1logos interdisciplinares em todas as esferas de atua\u00e7\u00e3o do radiologista \u00e9 necess\u00e1rio para defender os interesses dos especialistas. Entendemos que ao manter um canal aberto de di\u00e1logo com a sociedade, traduzindo a Radiologia e interagindo com diversos, contribu\u00edmos para que todos possam entender a sua relev\u00e2ncia. Em tempos dif\u00edceis como o que todos est\u00e3o &hellip; Continue lendo","thumbnail_url":"https:\/\/cbr.org.br\/wp-content\/uploads\/2021\/12\/Noticias-Site-CBR_Pacote-de-Pecas_Vitoria-do-CBR-1.png"}