{"id":399,"date":"2022-03-11T16:08:32","date_gmt":"2022-03-11T19:08:32","guid":{"rendered":"https:\/\/cbr.org.br\/?page_id=399"},"modified":"2023-04-10T11:48:57","modified_gmt":"2023-04-10T14:48:57","slug":"criterios-de-adequacao-de-exames-de-imagem-e-radioterapia-volume-2","status":"publish","type":"page","link":"https:\/\/cbr.org.br\/es\/criterios-de-adequacao-de-exames-de-imagem-e-radioterapia-volume-2\/","title":{"rendered":"Criterios de adecuaci\u00f3n para imagenolog\u00eda y radioterapia \u2013 Volumen 2"},"content":{"rendered":"<div data-elementor-type=\"wp-page\" data-elementor-id=\"399\" class=\"elementor elementor-399\" data-elementor-post-type=\"page\">\n\t\t\t\t\t\t<section class=\"elementor-section elementor-top-section elementor-element elementor-element-e84b9c2 elementor-section-boxed elementor-section-height-default elementor-section-height-default\" data-id=\"e84b9c2\" data-element_type=\"section\">\n\t\t\t\t\t\t<div class=\"elementor-container elementor-column-gap-default\">\n\t\t\t\t\t<div class=\"elementor-column elementor-col-100 elementor-top-column elementor-element elementor-element-3b9df1c\" data-id=\"3b9df1c\" data-element_type=\"column\">\n\t\t\t<div class=\"elementor-widget-wrap elementor-element-populated\">\n\t\t\t\t\t\t<div class=\"elementor-element elementor-element-2b029a6 elementor-widget elementor-widget-text-editor\" data-id=\"2b029a6\" data-element_type=\"widget\" data-widget_type=\"text-editor.default\">\n\t\t\t\t<div class=\"elementor-widget-container\">\n\t\t\t\t\t\t\t\t\t<p>Autor\u00eda: Asociaci\u00f3n CBR y American College of Radiology (ACR)<br \/>A\u00f1o: 2005<\/p>\t\t\t\t\t\t\t\t<\/div>\n\t\t\t\t<\/div>\n\t\t\t\t\t<\/div>\n\t\t<\/div>\n\t\t\t\t\t<\/div>\n\t\t<\/section>\n\t\t\t\t<section class=\"elementor-section elementor-top-section elementor-element elementor-element-e127028 elementor-section-boxed elementor-section-height-default elementor-section-height-default\" data-id=\"e127028\" data-element_type=\"section\">\n\t\t\t\t\t\t<div class=\"elementor-container elementor-column-gap-default\">\n\t\t\t\t\t<div class=\"elementor-column elementor-col-100 elementor-top-column elementor-element elementor-element-cf56920\" data-id=\"cf56920\" data-element_type=\"column\">\n\t\t\t<div class=\"elementor-widget-wrap elementor-element-populated\">\n\t\t\t\t\t\t<div class=\"elementor-element elementor-element-1cdb5cf elementor-widget elementor-widget-spacer\" data-id=\"1cdb5cf\" data-element_type=\"widget\" data-widget_type=\"spacer.default\">\n\t\t\t\t<div class=\"elementor-widget-container\">\n\t\t\t\t\t\t\t<div class=\"elementor-spacer\">\n\t\t\t<div class=\"elementor-spacer-inner\"><\/div>\n\t\t<\/div>\n\t\t\t\t\t\t<\/div>\n\t\t\t\t<\/div>\n\t\t\t\t\t<\/div>\n\t\t<\/div>\n\t\t\t\t\t<\/div>\n\t\t<\/section>\n\t\t\t\t<section class=\"elementor-section elementor-top-section elementor-element elementor-element-5082dde elementor-section-boxed elementor-section-height-default elementor-section-height-default\" data-id=\"5082dde\" data-element_type=\"section\">\n\t\t\t\t\t\t<div class=\"elementor-container elementor-column-gap-default\">\n\t\t\t\t\t<div class=\"elementor-column elementor-col-100 elementor-top-column elementor-element elementor-element-184252a\" data-id=\"184252a\" data-element_type=\"column\">\n\t\t\t<div class=\"elementor-widget-wrap elementor-element-populated\">\n\t\t\t\t\t\t<div class=\"elementor-element elementor-element-7b3ee8d elementor-widget elementor-widget-toggle\" data-id=\"7b3ee8d\" data-element_type=\"widget\" data-widget_type=\"toggle.default\">\n\t\t\t\t<div class=\"elementor-widget-container\">\n\t\t\t\t\t\t\t<div class=\"elementor-toggle\">\n\t\t\t\t\t\t\t<div class=\"elementor-toggle-item\">\n\t\t\t\t\t<div id=\"elementor-tab-title-1291\" class=\"elementor-tab-title\" data-tab=\"1\" role=\"button\" aria-controls=\"elementor-tab-content-1291\" aria-expanded=\"false\">\n\t\t\t\t\t\t\t\t\t\t\t\t<span class=\"elementor-toggle-icon elementor-toggle-icon-left\" aria-hidden=\"true\">\n\t\t\t\t\t\t\t\t\t\t\t\t\t\t\t<span class=\"elementor-toggle-icon-closed\"><i class=\"fas fa-caret-right\"><\/i><\/span>\n\t\t\t\t\t\t\t\t<span class=\"elementor-toggle-icon-opened\"><i class=\"elementor-toggle-icon-opened fas fa-caret-up\"><\/i><\/span>\n\t\t\t\t\t\t\t\t\t\t\t\t\t<\/span>\n\t\t\t\t\t\t\t\t\t\t\t\t<a class=\"elementor-toggle-title\" tabindex=\"0\"><h4>Introducci\u00f3n<\/h4><\/a>\n\t\t\t\t\t<\/div>\n\n\t\t\t\t\t<div id=\"elementor-tab-content-1291\" class=\"elementor-tab-content elementor-clearfix\" data-tab=\"1\" role=\"region\" aria-labelledby=\"elementor-tab-title-1291\"><p><strong>\u25b6 <a href=\"https:\/\/cbr.org.br\/wp-content\/uploads\/2017\/06\/Introducao2.pdf\">Introducci\u00f3n<\/a><\/strong><\/p><\/div>\n\t\t\t\t<\/div>\n\t\t\t\t\t\t\t<div class=\"elementor-toggle-item\">\n\t\t\t\t\t<div id=\"elementor-tab-title-1292\" class=\"elementor-tab-title\" data-tab=\"2\" role=\"button\" aria-controls=\"elementor-tab-content-1292\" aria-expanded=\"false\">\n\t\t\t\t\t\t\t\t\t\t\t\t<span class=\"elementor-toggle-icon elementor-toggle-icon-left\" aria-hidden=\"true\">\n\t\t\t\t\t\t\t\t\t\t\t\t\t\t\t<span class=\"elementor-toggle-icon-closed\"><i class=\"fas fa-caret-right\"><\/i><\/span>\n\t\t\t\t\t\t\t\t<span class=\"elementor-toggle-icon-opened\"><i class=\"elementor-toggle-icon-opened fas fa-caret-up\"><\/i><\/span>\n\t\t\t\t\t\t\t\t\t\t\t\t\t<\/span>\n\t\t\t\t\t\t\t\t\t\t\t\t<a class=\"elementor-toggle-title\" tabindex=\"0\"><h4>Cap\u00edtulo 1 - Im\u00e1genes tor\u00e1cicas<\/h4><\/a>\n\t\t\t\t\t<\/div>\n\n\t\t\t\t\t<div id=\"elementor-tab-content-1292\" class=\"elementor-tab-content elementor-clearfix\" data-tab=\"2\" role=\"region\" aria-labelledby=\"elementor-tab-title-1292\"><p><strong>\u25b6<\/strong> <a href=\"https:\/\/cbr.org.br\/wp-content\/uploads\/2017\/06\/01_01v2.pdf\" target=\"_blank\" rel=\"noreferrer noopener\">Evaluaci\u00f3n de un n\u00f3dulo pulmonar solitario<\/a><\/p>\n<p><!-- \/wp:paragraph --><!-- wp:paragraph --><\/p>\n<p><strong>\u25b6<\/strong> <a href=\"https:\/\/cbr.org.br\/wp-content\/uploads\/2017\/06\/01_02v2.pdf\" target=\"_blank\" rel=\"noreferrer noopener\">Disnea<\/a><\/p>\n<p><!-- \/wp:paragraph --><!-- wp:paragraph --><\/p>\n<p><strong>\u25b6<\/strong> <a href=\"https:\/\/cbr.org.br\/wp-content\/uploads\/2017\/06\/01_03v2.pdf\" target=\"_blank\" rel=\"noreferrer noopener\">enfermedad respiratoria aguda<\/a><\/p>\n<p><!-- \/wp:paragraph --><!-- wp:paragraph --><\/p>\n<p><strong>\u25b6<\/strong> <a href=\"https:\/\/cbr.org.br\/wp-content\/uploads\/2017\/06\/01_04v2.pdf\" target=\"_blank\" rel=\"noreferrer noopener\">Enfermedad respiratoria aguda en pacientes VIH positivos<\/a><\/p>\n<p><!-- \/wp:paragraph --><!-- wp:paragraph --><\/p>\n<p><strong>\u25b6<\/strong> <a href=\"https:\/\/cbr.org.br\/wp-content\/uploads\/2017\/06\/01_05v2.pdf\" target=\"_blank\" rel=\"noreferrer noopener\">Estadificaci\u00f3n del carcinoma broncog\u00e9nico, carcinoma de pulm\u00f3n de c\u00e9lulas no peque\u00f1as<\/a><\/p>\n<p><!-- \/wp:paragraph --><!-- wp:paragraph --><\/p>\n<p><strong>\u25b6<\/strong> <a href=\"https:\/\/cbr.org.br\/wp-content\/uploads\/2017\/06\/01_06v2.pdf\" target=\"_blank\" rel=\"noreferrer noopener\">fracturas de arco costal<\/a><\/p>\n<p><!-- \/wp:paragraph --><!-- wp:paragraph --><\/p>\n<p><strong>\u25b6<\/strong> <a href=\"https:\/\/cbr.org.br\/wp-content\/uploads\/2017\/06\/01_07v2.pdf\" target=\"_blank\" rel=\"noreferrer noopener\">hemoptisis<\/a><\/p>\n<p><!-- \/wp:paragraph --><!-- wp:paragraph --><\/p>\n<p><strong>\u25b6<\/strong> <a href=\"https:\/\/cbr.org.br\/wp-content\/uploads\/2017\/06\/01_08v2.pdf\" target=\"_blank\" rel=\"noreferrer noopener\">Radiograf\u00edas de t\u00f3rax de rutina en hipertensi\u00f3n no complicada<\/a><\/p>\n<p><!-- \/wp:paragraph --><!-- wp:paragraph --><\/p>\n<p><strong>\u25b6<\/strong> <a href=\"https:\/\/cbr.org.br\/wp-content\/uploads\/2017\/06\/01_09v2.pdf\" target=\"_blank\" rel=\"noreferrer noopener\">Radiograf\u00edas de t\u00f3rax de rutina antes de la operaci\u00f3n y al ingreso<\/a><\/p>\n<p><!-- \/wp:paragraph --><!-- wp:paragraph --><\/p>\n<p><strong>\u25b6<\/strong> <a href=\"https:\/\/cbr.org.br\/wp-content\/uploads\/2017\/06\/01_10v2.pdf\" target=\"_blank\" rel=\"noreferrer noopener\">Radiograf\u00edas de t\u00f3rax de rutina diaria al lado de la cama<\/a><\/p>\n<p><!-- \/wp:paragraph --><!-- wp:paragraph --><\/p>\n<p><strong>\u25b6<\/strong> <a href=\"https:\/\/cbr.org.br\/wp-content\/uploads\/2017\/06\/01_11v2.pdf\" target=\"_blank\" rel=\"noreferrer noopener\">Detecci\u00f3n de met\u00e1stasis pulmonares<\/a><\/p><\/div>\n\t\t\t\t<\/div>\n\t\t\t\t\t\t\t<div class=\"elementor-toggle-item\">\n\t\t\t\t\t<div id=\"elementor-tab-title-1293\" class=\"elementor-tab-title\" data-tab=\"3\" role=\"button\" aria-controls=\"elementor-tab-content-1293\" aria-expanded=\"false\">\n\t\t\t\t\t\t\t\t\t\t\t\t<span class=\"elementor-toggle-icon elementor-toggle-icon-left\" aria-hidden=\"true\">\n\t\t\t\t\t\t\t\t\t\t\t\t\t\t\t<span class=\"elementor-toggle-icon-closed\"><i class=\"fas fa-caret-right\"><\/i><\/span>\n\t\t\t\t\t\t\t\t<span class=\"elementor-toggle-icon-opened\"><i class=\"elementor-toggle-icon-opened fas fa-caret-up\"><\/i><\/span>\n\t\t\t\t\t\t\t\t\t\t\t\t\t<\/span>\n\t\t\t\t\t\t\t\t\t\t\t\t<a class=\"elementor-toggle-title\" tabindex=\"0\"><h4>Cap\u00edtulo 2 - Im\u00e1genes urol\u00f3gicas<\/h4><\/a>\n\t\t\t\t\t<\/div>\n\n\t\t\t\t\t<div id=\"elementor-tab-content-1293\" class=\"elementor-tab-content elementor-clearfix\" data-tab=\"3\" role=\"region\" aria-labelledby=\"elementor-tab-title-1293\"><p><strong>\u25b6<\/strong> <a href=\"https:\/\/cbr.org.br\/wp-content\/uploads\/2017\/06\/02_01v2.pdf\" target=\"_blank\" rel=\"noreferrer noopener\">Masa suprarrenal descubierta incidentalmente<\/a><\/p>\n<p><!-- \/wp:paragraph --><!-- wp:paragraph --><\/p>\n<p><strong>\u25b6<\/strong> <a href=\"https:\/\/cbr.org.br\/wp-content\/uploads\/2017\/06\/02_02v2.pdf\" target=\"_blank\" rel=\"noreferrer noopener\">Abordaje diagn\u00f3stico del trauma renal<\/a><\/p>\n<p><!-- \/wp:paragraph --><!-- wp:paragraph --><\/p>\n<p><strong>\u25b6<\/strong> <a href=\"https:\/\/cbr.org.br\/wp-content\/uploads\/2017\/06\/02_03v2.pdf\" target=\"_blank\" rel=\"noreferrer noopener\">Ataque agudo de dolor escrotal (sin trauma, sin masa anterior)<\/a><\/p>\n<p><!-- \/wp:paragraph --><!-- wp:paragraph --><\/p>\n<p><strong>\u25b6<\/strong> <a href=\"https:\/\/cbr.org.br\/wp-content\/uploads\/2017\/06\/02_04v2.pdf\" target=\"_blank\" rel=\"noreferrer noopener\">Diagn\u00f3stico por imagen en pielonefritis aguda<\/a><\/p>\n<p><!-- \/wp:paragraph --><!-- wp:paragraph --><\/p>\n<p><strong>\u25b6<\/strong> <a href=\"https:\/\/cbr.org.br\/wp-content\/uploads\/2017\/06\/02_05v2.pdf\" target=\"_blank\" rel=\"noreferrer noopener\">Dolor agudo en el costado - sospecha de c\u00e1lculos urinarios<\/a><\/p>\n<p><!-- \/wp:paragraph --><!-- wp:paragraph --><\/p>\n<p><strong>\u25b6<\/strong> <a href=\"https:\/\/cbr.org.br\/wp-content\/uploads\/2017\/06\/02_06v2.pdf\" target=\"_blank\" rel=\"noreferrer noopener\">Estadificaci\u00f3n del carcinoma renal<\/a><\/p>\n<p><!-- \/wp:paragraph --><!-- wp:paragraph --><\/p>\n<p><strong>\u25b6<\/strong> <a href=\"https:\/\/cbr.org.br\/wp-content\/uploads\/2017\/06\/02_07v2.pdf\" target=\"_blank\" rel=\"noreferrer noopener\">Estadificaci\u00f3n de tumores malignos testiculares<\/a><\/p>\n<p><!-- \/wp:paragraph --><!-- wp:paragraph --><\/p>\n<p><strong>\u25b6<\/strong> <a href=\"https:\/\/cbr.org.br\/wp-content\/uploads\/2017\/06\/02_08v2.pdf\" target=\"_blank\" rel=\"noreferrer noopener\">Estadificaci\u00f3n previa al tratamiento del c\u00e1ncer de pr\u00f3stata cl\u00ednicamente localizado<\/a><\/p>\n<p><!-- \/wp:paragraph --><!-- wp:paragraph --><\/p>\n<p><strong>\u25b6<\/strong> <a href=\"https:\/\/cbr.org.br\/wp-content\/uploads\/2017\/06\/02_09v2.pdf\" target=\"_blank\" rel=\"noreferrer noopener\">Estadificaci\u00f3n previa al tratamiento del carcinoma invasivo de c\u00e9lulas de transici\u00f3n de la vejiga<\/a><\/p>\n<p><!-- \/wp:paragraph --><!-- wp:paragraph --><\/p>\n<p><strong>\u25b6<\/strong> <a href=\"https:\/\/cbr.org.br\/wp-content\/uploads\/2017\/06\/02_10v2.pdf\" target=\"_blank\" rel=\"noreferrer noopener\">Im\u00e1genes para el seguimiento del c\u00e1ncer de vejiga<\/a><\/p>\n<p><!-- \/wp:paragraph --><!-- wp:paragraph --><\/p>\n<p><strong>\u25b6<\/strong> <a href=\"https:\/\/cbr.org.br\/wp-content\/uploads\/2017\/06\/02_11v2.pdf\" target=\"_blank\" rel=\"noreferrer noopener\">Infecciones recurrentes del tracto urinario inferior en mujeres<\/a><\/p>\n<p><!-- \/wp:paragraph --><!-- wp:paragraph --><\/p>\n<p><strong>\u25b6<\/strong> <a href=\"https:\/\/cbr.org.br\/wp-content\/uploads\/2017\/06\/02_12v2.pdf\" target=\"_blank\" rel=\"noreferrer noopener\">Investigaci\u00f3n radiol\u00f3gica de las causas de la insuficiencia renal.<\/a><\/p>\n<p><!-- \/wp:paragraph --><!-- wp:paragraph --><\/p>\n<p><strong>\u25b6<\/strong> <a href=\"https:\/\/cbr.org.br\/wp-content\/uploads\/2017\/06\/02_13v2.pdf\" target=\"_blank\" rel=\"noreferrer noopener\">Investigaci\u00f3n radiol\u00f3gica de pacientes con hipertensi\u00f3n renovascular<\/a><\/p>\n<p><!-- \/wp:paragraph --><!-- wp:paragraph --><\/p>\n<p><strong>\u25b6<\/strong> <a href=\"https:\/\/cbr.org.br\/wp-content\/uploads\/2017\/06\/02_14v2.pdf\" target=\"_blank\" rel=\"noreferrer noopener\">Investigaci\u00f3n radiol\u00f3gica de pacientes con hematuria<\/a><\/p>\n<p><!-- \/wp:paragraph --><!-- wp:paragraph --><\/p>\n<p><strong>\u25b6<\/strong> <a href=\"https:\/\/cbr.org.br\/wp-content\/uploads\/2017\/06\/02_15v2.pdf\" target=\"_blank\" rel=\"noreferrer noopener\">masas renales indeterminadas<\/a><\/p>\n<p><!-- \/wp:paragraph --><!-- wp:paragraph --><\/p>\n<p><strong>\u25b6<\/strong> <a href=\"https:\/\/cbr.org.br\/wp-content\/uploads\/2017\/06\/02_16v2.pdf\" target=\"_blank\" rel=\"noreferrer noopener\">Seguimiento del carcinoma de c\u00e9lulas renales<\/a><\/p>\n<p><!-- \/wp:paragraph --><!-- wp:paragraph --><\/p>\n<p><strong>\u25b6<\/strong> <a href=\"https:\/\/cbr.org.br\/wp-content\/uploads\/2017\/06\/02_17v2.pdf\" target=\"_blank\" rel=\"noreferrer noopener\">Seguimiento postratamiento del c\u00e1ncer de pr\u00f3stata<\/a><\/p>\n<p><!-- \/wp:paragraph --><!-- wp:paragraph --><\/p>\n<p><strong>\u25b6<\/strong> <a href=\"https:\/\/cbr.org.br\/wp-content\/uploads\/2017\/06\/02_18v2.pdf\" target=\"_blank\" rel=\"noreferrer noopener\">S\u00edntomas de obstrucci\u00f3n urinaria secundaria a enfermedad prost\u00e1tica<\/a><\/p>\n<p><!-- \/wp:paragraph --><!-- wp:paragraph --><\/p>\n<p><strong>\u25b6<\/strong> <a href=\"https:\/\/cbr.org.br\/wp-content\/uploads\/2017\/06\/02_19v2.pdf\" target=\"_blank\" rel=\"noreferrer noopener\">Trauma vesical y uretral<\/a><\/p>\n<p><!-- \/wp:paragraph --><!-- wp:paragraph --><\/p>\n<p><!-- \/wp:paragraph --><!-- wp:separator {\"color\":\"white\",\"className\":\"is-style-wide\"} --><\/p>\n<hr class=\"wp-block-separator has-text-color has-background has-white-background-color has-white-color is-style-wide\" \/>\n<p><!-- \/wp:separator --><!-- wp:paragraph {\"fontSize\":\"medium\"} --><\/p>\n<p class=\"has-medium-font-size\">\u00a0<\/p><\/div>\n\t\t\t\t<\/div>\n\t\t\t\t\t\t\t<div class=\"elementor-toggle-item\">\n\t\t\t\t\t<div id=\"elementor-tab-title-1294\" class=\"elementor-tab-title\" data-tab=\"4\" role=\"button\" aria-controls=\"elementor-tab-content-1294\" aria-expanded=\"false\">\n\t\t\t\t\t\t\t\t\t\t\t\t<span class=\"elementor-toggle-icon elementor-toggle-icon-left\" aria-hidden=\"true\">\n\t\t\t\t\t\t\t\t\t\t\t\t\t\t\t<span class=\"elementor-toggle-icon-closed\"><i class=\"fas fa-caret-right\"><\/i><\/span>\n\t\t\t\t\t\t\t\t<span class=\"elementor-toggle-icon-opened\"><i class=\"elementor-toggle-icon-opened fas fa-caret-up\"><\/i><\/span>\n\t\t\t\t\t\t\t\t\t\t\t\t\t<\/span>\n\t\t\t\t\t\t\t\t\t\t\t\t<a class=\"elementor-toggle-title\" tabindex=\"0\"><h4>Cap\u00edtulo 3 - Im\u00e1genes pedi\u00e1tricas<\/h4><\/a>\n\t\t\t\t\t<\/div>\n\n\t\t\t\t\t<div id=\"elementor-tab-content-1294\" class=\"elementor-tab-content elementor-clearfix\" data-tab=\"4\" role=\"region\" aria-labelledby=\"elementor-tab-title-1294\"><p><strong>\u25b6<\/strong> <a href=\"https:\/\/cbr.org.br\/wp-content\/uploads\/2017\/06\/03_01v2.pdf\" target=\"_blank\" rel=\"noreferrer noopener\">el ni\u00f1o cojo<\/a><\/p>\n<p><!-- \/wp:paragraph --><!-- wp:paragraph --><\/p>\n<p><strong>\u25b6<\/strong> <a href=\"https:\/\/cbr.org.br\/wp-content\/uploads\/2017\/06\/03_02v2.pdf\" target=\"_blank\" rel=\"noreferrer noopener\">Evaluaci\u00f3n por im\u00e1genes del dolor agudo en el cuadrante inferior derecho y el dolor p\u00e9lvico en ni\u00f1as adolescentes<\/a><\/p>\n<p><!-- \/wp:paragraph --><!-- wp:paragraph --><\/p>\n<p><strong>\u25b6<\/strong> <a href=\"https:\/\/cbr.org.br\/wp-content\/uploads\/2017\/06\/03_03v2.pdf\" target=\"_blank\" rel=\"noreferrer noopener\">dolor de cabeza<\/a><\/p>\n<p><!-- \/wp:paragraph --><!-- wp:paragraph --><\/p>\n<p><strong>\u25b6<\/strong> <a href=\"https:\/\/cbr.org.br\/wp-content\/uploads\/2017\/06\/03_04v2.pdf\" target=\"_blank\" rel=\"noreferrer noopener\">displasia del desarrollo de la cadera<\/a><\/p>\n<p><!-- \/wp:paragraph --><!-- wp:paragraph --><\/p>\n<p><strong>\u25b6<\/strong> <a href=\"https:\/\/cbr.org.br\/wp-content\/uploads\/2017\/06\/03_05v2.pdf\" target=\"_blank\" rel=\"noreferrer noopener\">Im\u00e1genes de un paciente pedi\u00e1trico con convulsiones<\/a><\/p>\n<p><!-- \/wp:paragraph --><!-- wp:paragraph --><\/p>\n<p><strong>\u25b6<\/strong> <a href=\"https:\/\/cbr.org.br\/wp-content\/uploads\/2017\/06\/03_06v2.pdf\" target=\"_blank\" rel=\"noreferrer noopener\">fiebre de origen oscuro<\/a><\/p>\n<p><!-- \/wp:paragraph --><!-- wp:paragraph --><\/p>\n<p><strong>\u25b6<\/strong> <a href=\"https:\/\/cbr.org.br\/wp-content\/uploads\/2017\/06\/03_07v2.pdf\" target=\"_blank\" rel=\"noreferrer noopener\">hematuria<\/a><\/p>\n<p><!-- \/wp:paragraph --><!-- wp:paragraph --><\/p>\n<p><strong>\u25b6<\/strong> <a href=\"https:\/\/cbr.org.br\/wp-content\/uploads\/2017\/06\/03_08v2.pdf\" target=\"_blank\" rel=\"noreferrer noopener\">Infecci\u00f3n del tracto urinario<\/a><\/p>\n<p><!-- \/wp:paragraph --><!-- wp:paragraph --><\/p>\n<p><strong>\u25b6<\/strong> <a href=\"https:\/\/cbr.org.br\/wp-content\/uploads\/2017\/06\/03_09v2.pdf\" target=\"_blank\" rel=\"noreferrer noopener\">Examen de imagen en el ni\u00f1o con sospecha de paliza<\/a><\/p>\n<p><!-- \/wp:paragraph --><!-- wp:paragraph --><\/p>\n<p><strong>\u25b6<\/strong> <a href=\"https:\/\/cbr.org.br\/wp-content\/uploads\/2017\/06\/03_10v2.pdf\" target=\"_blank\" rel=\"noreferrer noopener\">Sinusitis en la poblaci\u00f3n pedi\u00e1trica<\/a><\/p>\n<p><!-- \/wp:paragraph --><!-- wp:paragraph --><\/p>\n<p><strong>\u25b6<\/strong> <a href=\"https:\/\/cbr.org.br\/wp-content\/uploads\/2017\/06\/03_11v2.pdf\" target=\"_blank\" rel=\"noreferrer noopener\">V\u00f3mitos en ni\u00f1os hasta los 3 meses de edad<\/a><\/p><\/div>\n\t\t\t\t<\/div>\n\t\t\t\t\t\t\t<div class=\"elementor-toggle-item\">\n\t\t\t\t\t<div id=\"elementor-tab-title-1295\" class=\"elementor-tab-title\" data-tab=\"5\" role=\"button\" aria-controls=\"elementor-tab-content-1295\" aria-expanded=\"false\">\n\t\t\t\t\t\t\t\t\t\t\t\t<span class=\"elementor-toggle-icon elementor-toggle-icon-left\" aria-hidden=\"true\">\n\t\t\t\t\t\t\t\t\t\t\t\t\t\t\t<span class=\"elementor-toggle-icon-closed\"><i class=\"fas fa-caret-right\"><\/i><\/span>\n\t\t\t\t\t\t\t\t<span class=\"elementor-toggle-icon-opened\"><i class=\"elementor-toggle-icon-opened fas fa-caret-up\"><\/i><\/span>\n\t\t\t\t\t\t\t\t\t\t\t\t\t<\/span>\n\t\t\t\t\t\t\t\t\t\t\t\t<a class=\"elementor-toggle-title\" tabindex=\"0\"><h4>Cap\u00edtulo 4 - Imagen en Ginecolog\u00eda<\/h4><\/a>\n\t\t\t\t\t<\/div>\n\n\t\t\t\t\t<div id=\"elementor-tab-content-1295\" class=\"elementor-tab-content elementor-clearfix\" data-tab=\"5\" role=\"region\" aria-labelledby=\"elementor-tab-title-1295\"><p><strong>\u25b6<\/strong> <a href=\"https:\/\/cbr.org.br\/wp-content\/uploads\/2017\/06\/04_01v2.pdf\" target=\"_blank\" rel=\"noreferrer noopener\">c\u00e1ncer endometrial<\/a><\/p>\n<p><!-- \/wp:paragraph --><!-- wp:paragraph --><\/p>\n<p><strong>\u25b6<\/strong> <a href=\"https:\/\/cbr.org.br\/wp-content\/uploads\/2017\/06\/04_02v2.pdf\" target=\"_blank\" rel=\"noreferrer noopener\">Dilataci\u00f3n cervical prematura<\/a><\/p>\n<p><!-- \/wp:paragraph --><!-- wp:paragraph --><\/p>\n<p><strong>\u25b6<\/strong> <a href=\"https:\/\/cbr.org.br\/wp-content\/uploads\/2017\/06\/04_03v2.pdf\" target=\"_blank\" rel=\"noreferrer noopener\">Trastornos del crecimiento: riesgo de restricci\u00f3n del crecimiento intrauterino<\/a><\/p>\n<p><!-- \/wp:paragraph --><!-- wp:paragraph --><\/p>\n<p><strong>\u25b6<\/strong> <a href=\"https:\/\/cbr.org.br\/wp-content\/uploads\/2017\/06\/04_04v2.pdf\" target=\"_blank\" rel=\"noreferrer noopener\">Estadificaci\u00f3n y seguimiento del c\u00e1ncer de ovario<\/a><\/p>\n<p><!-- \/wp:paragraph --><!-- wp:paragraph --><\/p>\n<p><strong>\u25b6<\/strong> <a href=\"https:\/\/cbr.org.br\/wp-content\/uploads\/2017\/06\/04_05v2.pdf\" target=\"_blank\" rel=\"noreferrer noopener\">Evaluaci\u00f3n del embarazo m\u00faltiple<\/a><\/p>\n<p><!-- \/wp:paragraph --><!-- wp:paragraph --><\/p>\n<p><strong>\u25b6<\/strong> <a href=\"https:\/\/cbr.org.br\/wp-content\/uploads\/2017\/06\/04_06v2..pdf\" target=\"_blank\" rel=\"noreferrer noopener\">detecci\u00f3n de c\u00e1ncer de ovario<\/a><\/p>\n<p><!-- \/wp:paragraph --><!-- wp:paragraph --><\/p>\n<p><strong>\u25b6<\/strong> <a href=\"https:\/\/cbr.org.br\/wp-content\/uploads\/2017\/06\/04_07v2.pdf\" target=\"_blank\" rel=\"noreferrer noopener\">Papel de las im\u00e1genes en el c\u00e1ncer de cuello uterino<\/a><\/p>\n<p><!-- \/wp:paragraph --><!-- wp:paragraph --><\/p>\n<p><strong>\u25b6<\/strong> <a href=\"https:\/\/cbr.org.br\/wp-content\/uploads\/2017\/06\/04_08v2.pdf\" target=\"_blank\" rel=\"noreferrer noopener\">Papel de las im\u00e1genes en el sangrado en el segundo y tercer trimestre del embarazo<\/a><\/p>\n<p><!-- \/wp:paragraph --><!-- wp:paragraph --><\/p>\n<p><strong>\u25b6<\/strong> <a href=\"https:\/\/cbr.org.br\/wp-content\/uploads\/2017\/06\/04_09v2.pdf\" target=\"_blank\" rel=\"noreferrer noopener\">Papel de las im\u00e1genes en el sangrado vaginal anormal<\/a><\/p>\n<p><!-- \/wp:paragraph --><!-- wp:paragraph --><\/p>\n<p><strong>\u25b6<\/strong> <a href=\"https:\/\/cbr.org.br\/wp-content\/uploads\/2017\/06\/04_10v2.pdf\" target=\"_blank\" rel=\"noreferrer noopener\">Sangrado en el primer trimestre<\/a><\/p>\n<p><!-- \/wp:paragraph --><!-- wp:paragraph --><\/p>\n<p><strong>\u25b6<\/strong> <a href=\"https:\/\/cbr.org.br\/wp-content\/uploads\/2017\/06\/04_11v2.pdf\" target=\"_blank\" rel=\"noreferrer noopener\">Sospecha de masas anexiales<\/a><\/p>\n<p><!-- \/wp:separator --><!-- wp:paragraph {\"fontSize\":\"medium\"} --><\/p><\/div>\n\t\t\t\t<\/div>\n\t\t\t\t\t\t\t<div class=\"elementor-toggle-item\">\n\t\t\t\t\t<div id=\"elementor-tab-title-1296\" class=\"elementor-tab-title\" data-tab=\"6\" role=\"button\" aria-controls=\"elementor-tab-content-1296\" aria-expanded=\"false\">\n\t\t\t\t\t\t\t\t\t\t\t\t<span class=\"elementor-toggle-icon elementor-toggle-icon-left\" aria-hidden=\"true\">\n\t\t\t\t\t\t\t\t\t\t\t\t\t\t\t<span class=\"elementor-toggle-icon-closed\"><i class=\"fas fa-caret-right\"><\/i><\/span>\n\t\t\t\t\t\t\t\t<span class=\"elementor-toggle-icon-opened\"><i class=\"elementor-toggle-icon-opened fas fa-caret-up\"><\/i><\/span>\n\t\t\t\t\t\t\t\t\t\t\t\t\t<\/span>\n\t\t\t\t\t\t\t\t\t\t\t\t<a class=\"elementor-toggle-title\" tabindex=\"0\"><h4>Cap\u00edtulo 5 - Imagen del seno<\/h4><\/a>\n\t\t\t\t\t<\/div>\n\n\t\t\t\t\t<div id=\"elementor-tab-content-1296\" class=\"elementor-tab-content elementor-clearfix\" data-tab=\"6\" role=\"region\" aria-labelledby=\"elementor-tab-title-1296\"><p><strong>\u25b6<\/strong> <a href=\"https:\/\/cbr.org.br\/wp-content\/uploads\/2017\/06\/05_01v2.pdf\" target=\"_blank\" rel=\"noreferrer noopener\">Diagn\u00f3stico de bultos mamarios no palpables<\/a><\/p>\n<p><!-- \/wp:paragraph --><!-- wp:paragraph --><\/p>\n<p><strong>\u25b6<\/strong> <a href=\"https:\/\/cbr.org.br\/wp-content\/uploads\/2017\/06\/05_02v2.pdf\" target=\"_blank\" rel=\"noreferrer noopener\">Metodolog\u00eda adecuada en el diagn\u00f3stico por imagen de las microcalcificaciones mamarias<\/a><\/p>\n<p><!-- \/wp:paragraph --><!-- wp:paragraph --><\/p>\n<p><strong>\u25b6<\/strong> <a href=\"https:\/\/cbr.org.br\/wp-content\/uploads\/2017\/06\/05_03v2.pdf\" target=\"_blank\" rel=\"noreferrer noopener\">Metodolog\u00eda adecuada en el diagn\u00f3stico por im\u00e1genes de los n\u00f3dulos mamarios palpables<\/a><\/p>\n<p><!-- \/wp:paragraph --><!-- wp:paragraph --><\/p>\n<p><strong>\u25b6<\/strong> <a href=\"https:\/\/cbr.org.br\/wp-content\/uploads\/2017\/06\/05_04v2.pdf\" target=\"_blank\" rel=\"noreferrer noopener\">Metodolog\u00eda diagn\u00f3stica por imagen del carcinoma de mama en estadio I<\/a><\/p><\/div>\n\t\t\t\t<\/div>\n\t\t\t\t\t\t\t<div class=\"elementor-toggle-item\">\n\t\t\t\t\t<div id=\"elementor-tab-title-1297\" class=\"elementor-tab-title\" data-tab=\"7\" role=\"button\" aria-controls=\"elementor-tab-content-1297\" aria-expanded=\"false\">\n\t\t\t\t\t\t\t\t\t\t\t\t<span class=\"elementor-toggle-icon elementor-toggle-icon-left\" aria-hidden=\"true\">\n\t\t\t\t\t\t\t\t\t\t\t\t\t\t\t<span class=\"elementor-toggle-icon-closed\"><i class=\"fas fa-caret-right\"><\/i><\/span>\n\t\t\t\t\t\t\t\t<span class=\"elementor-toggle-icon-opened\"><i class=\"elementor-toggle-icon-opened fas fa-caret-up\"><\/i><\/span>\n\t\t\t\t\t\t\t\t\t\t\t\t\t<\/span>\n\t\t\t\t\t\t\t\t\t\t\t\t<a class=\"elementor-toggle-title\" tabindex=\"0\"><h4>Grupo de Trabajo de Met\u00e1stasis \u00d3sea<\/h4><\/a>\n\t\t\t\t\t<\/div>\n\n\t\t\t\t\t<div id=\"elementor-tab-content-1297\" class=\"elementor-tab-content elementor-clearfix\" data-tab=\"7\" role=\"region\" aria-labelledby=\"elementor-tab-title-1297\"><p><strong>\u25b6<\/strong> <a href=\"https:\/\/cbr.org.br\/wp-content\/uploads\/2017\/06\/06_01.pdf\" target=\"_blank\" rel=\"noreferrer noopener\">met\u00e1stasis \u00f3sea<\/a><\/p><\/div>\n\t\t\t\t<\/div>\n\t\t\t\t\t\t\t<div class=\"elementor-toggle-item\">\n\t\t\t\t\t<div id=\"elementor-tab-title-1298\" class=\"elementor-tab-title\" data-tab=\"8\" role=\"button\" aria-controls=\"elementor-tab-content-1298\" aria-expanded=\"false\">\n\t\t\t\t\t\t\t\t\t\t\t\t<span class=\"elementor-toggle-icon elementor-toggle-icon-left\" aria-hidden=\"true\">\n\t\t\t\t\t\t\t\t\t\t\t\t\t\t\t<span class=\"elementor-toggle-icon-closed\"><i class=\"fas fa-caret-right\"><\/i><\/span>\n\t\t\t\t\t\t\t\t<span class=\"elementor-toggle-icon-opened\"><i class=\"elementor-toggle-icon-opened fas fa-caret-up\"><\/i><\/span>\n\t\t\t\t\t\t\t\t\t\t\t\t\t<\/span>\n\t\t\t\t\t\t\t\t\t\t\t\t<a class=\"elementor-toggle-title\" tabindex=\"0\"><h4>grupo de trabajo del cerebro<\/h4><\/a>\n\t\t\t\t\t<\/div>\n\n\t\t\t\t\t<div id=\"elementor-tab-content-1298\" class=\"elementor-tab-content elementor-clearfix\" data-tab=\"8\" role=\"region\" aria-labelledby=\"elementor-tab-title-1298\"><p><strong>\u25b6<\/strong> <a href=\"https:\/\/cbr.org.br\/wp-content\/uploads\/2017\/06\/07_01.pdf\" target=\"_blank\" rel=\"noreferrer noopener\">Evaluaci\u00f3n previa a la irradiaci\u00f3n y tratamiento de met\u00e1stasis cerebrales<\/a><\/p>\n<p><!-- \/wp:paragraph --><!-- wp:paragraph --><\/p>\n<p><strong>\u25b6<\/strong> <a href=\"https:\/\/cbr.org.br\/wp-content\/uploads\/2017\/06\/07_02.pdf\" target=\"_blank\" rel=\"noreferrer noopener\">Met\u00e1stasis cerebral solitaria<\/a><\/p>\n<p><!-- \/wp:paragraph --><!-- wp:paragraph --><\/p>\n<p><strong>\u25b6<\/strong> <a href=\"https:\/\/cbr.org.br\/wp-content\/uploads\/2017\/06\/07_03.pdf\" target=\"_blank\" rel=\"noreferrer noopener\">M\u00faltiples met\u00e1stasis cerebrales<\/a><\/p>\n<p><!-- \/wp:paragraph --><!-- wp:paragraph --><\/p>\n<p><strong>\u25b6<\/strong> <a href=\"https:\/\/cbr.org.br\/wp-content\/uploads\/2017\/06\/07_04.pdf\" target=\"_blank\" rel=\"noreferrer noopener\">Seguimiento y retratamiento de met\u00e1stasis cerebrales<\/a><\/p><\/div>\n\t\t\t\t<\/div>\n\t\t\t\t\t\t\t<div class=\"elementor-toggle-item\">\n\t\t\t\t\t<div id=\"elementor-tab-title-1299\" class=\"elementor-tab-title\" data-tab=\"9\" role=\"button\" aria-controls=\"elementor-tab-content-1299\" aria-expanded=\"false\">\n\t\t\t\t\t\t\t\t\t\t\t\t<span class=\"elementor-toggle-icon elementor-toggle-icon-left\" aria-hidden=\"true\">\n\t\t\t\t\t\t\t\t\t\t\t\t\t\t\t<span class=\"elementor-toggle-icon-closed\"><i class=\"fas fa-caret-right\"><\/i><\/span>\n\t\t\t\t\t\t\t\t<span class=\"elementor-toggle-icon-opened\"><i class=\"elementor-toggle-icon-opened fas fa-caret-up\"><\/i><\/span>\n\t\t\t\t\t\t\t\t\t\t\t\t\t<\/span>\n\t\t\t\t\t\t\t\t\t\t\t\t<a class=\"elementor-toggle-title\" tabindex=\"0\"><h4>grupo de trabajo de mam\u00e1<\/h4><\/a>\n\t\t\t\t\t<\/div>\n\n\t\t\t\t\t<div id=\"elementor-tab-content-1299\" class=\"elementor-tab-content elementor-clearfix\" data-tab=\"9\" role=\"region\" aria-labelledby=\"elementor-tab-title-1299\"><p><strong>\u25b6<\/strong> <a href=\"https:\/\/cbr.org.br\/wp-content\/uploads\/2017\/06\/08_01.pdf\" target=\"_blank\" rel=\"noreferrer noopener\">c\u00e1ncer de mama localmente avanzado<\/a><\/p>\n<p><!-- \/wp:paragraph --><!-- wp:paragraph --><\/p>\n<p><strong>\u25b6<\/strong> <a href=\"https:\/\/cbr.org.br\/wp-content\/uploads\/2017\/06\/08_02.pdf\" target=\"_blank\" rel=\"noreferrer noopener\">Carcinoma ductal in situ y enfermedad microinvasiva<\/a><\/p>\n<p><!-- \/wp:paragraph --><!-- wp:paragraph --><\/p>\n<p><strong>\u25b6<\/strong> <a href=\"https:\/\/cbr.org.br\/wp-content\/uploads\/2017\/06\/08_03.pdf\" target=\"_blank\" rel=\"noreferrer noopener\">Cirug\u00eda conservadora y radioterapia en el tratamiento del carcinoma de mama en estadios I y II<\/a><\/p>\n<p><!-- \/wp:paragraph --><!-- wp:paragraph --><\/p>\n<p><strong>\u25b6<\/strong> <a href=\"https:\/\/cbr.org.br\/wp-content\/uploads\/2017\/06\/08_04.pdf\" target=\"_blank\" rel=\"noreferrer noopener\">Radioterapia post-mastectom\u00eda<\/a><\/p>\n<p><!-- \/wp:paragraph --><!-- wp:paragraph --><\/p>\n<p><strong>\u25b6<\/strong> <a href=\"https:\/\/cbr.org.br\/wp-content\/uploads\/2017\/06\/08_05.pdf\" target=\"_blank\" rel=\"noreferrer noopener\">Recurrencia locorregional y cirug\u00eda de rescate<\/a><\/p><\/div>\n\t\t\t\t<\/div>\n\t\t\t\t\t\t\t<div class=\"elementor-toggle-item\">\n\t\t\t\t\t<div id=\"elementor-tab-title-12910\" class=\"elementor-tab-title\" data-tab=\"10\" role=\"button\" aria-controls=\"elementor-tab-content-12910\" aria-expanded=\"false\">\n\t\t\t\t\t\t\t\t\t\t\t\t<span class=\"elementor-toggle-icon elementor-toggle-icon-left\" aria-hidden=\"true\">\n\t\t\t\t\t\t\t\t\t\t\t\t\t\t\t<span class=\"elementor-toggle-icon-closed\"><i class=\"fas fa-caret-right\"><\/i><\/span>\n\t\t\t\t\t\t\t\t<span class=\"elementor-toggle-icon-opened\"><i class=\"elementor-toggle-icon-opened fas fa-caret-up\"><\/i><\/span>\n\t\t\t\t\t\t\t\t\t\t\t\t\t<\/span>\n\t\t\t\t\t\t\t\t\t\t\t\t<a class=\"elementor-toggle-title\" tabindex=\"0\"><h4>Grupo de trabajo de Hodgkin<\/h4><\/a>\n\t\t\t\t\t<\/div>\n\n\t\t\t\t\t<div id=\"elementor-tab-content-12910\" class=\"elementor-tab-content elementor-clearfix\" data-tab=\"10\" role=\"region\" aria-labelledby=\"elementor-tab-title-12910\"><p><strong>\u25b6<\/strong> <a href=\"https:\/\/cbr.org.br\/wp-content\/uploads\/2017\/06\/09_01.pdf\" target=\"_blank\" rel=\"noreferrer noopener\">Pautas de tratamiento de la enfermedad de Hodgkin en estadios I y II con pron\u00f3stico favorable<\/a><\/p>\n<p><!-- \/wp:paragraph --><!-- wp:paragraph --><\/p>\n<p><strong>\u25b6<\/strong> <a href=\"https:\/\/cbr.org.br\/wp-content\/uploads\/2017\/06\/09_02.pdf\" target=\"_blank\" rel=\"noreferrer noopener\">Pautas de tratamiento de las etapas III y IV de la enfermedad de Hodgkin<\/a><\/p>\n<p><!-- \/wp:paragraph --><!-- wp:paragraph --><\/p>\n<p><strong>\u25b6<\/strong> <a href=\"https:\/\/cbr.org.br\/wp-content\/uploads\/2017\/06\/09_03.pdf\" target=\"_blank\" rel=\"noreferrer noopener\">Enfermedad de Hodgkin estadios cl\u00ednicos desfavorables I y II<\/a><\/p>\n<p><!-- \/wp:paragraph --><!-- wp:paragraph --><\/p>\n<p><strong>\u25b6<\/strong> <a href=\"https:\/\/cbr.org.br\/wp-content\/uploads\/2017\/06\/09_04.pdf\" target=\"_blank\" rel=\"noreferrer noopener\">enfermedad de Hodgkin pedi\u00e1trica<\/a><\/p>\n<p><!-- \/wp:paragraph --><!-- wp:paragraph --><\/p>\n<p><strong>\u25b6<\/strong> <a href=\"https:\/\/cbr.org.br\/wp-content\/uploads\/2017\/06\/09_05.pdf\" target=\"_blank\" rel=\"noreferrer noopener\">Enfermedad de Hodgkin recurrente<\/a><\/p>\n<p><!-- \/wp:paragraph --><!-- wp:paragraph --><\/p>\n<p><strong>\u25b6<\/strong> <a href=\"https:\/\/cbr.org.br\/wp-content\/uploads\/2017\/06\/09_06.pdf\" target=\"_blank\" rel=\"noreferrer noopener\">Evaluaci\u00f3n de la estadificaci\u00f3n para pacientes con enfermedad de Hodgkin<\/a><\/p>\n<p><!-- \/wp:paragraph --><!-- wp:paragraph --><\/p>\n<p><strong>\u25b6<\/strong> <a href=\"https:\/\/cbr.org.br\/wp-content\/uploads\/2017\/06\/09_07.pdf\" target=\"_blank\" rel=\"noreferrer noopener\">Seguimiento de la enfermedad de Hodgkin<\/a><\/p><\/div>\n\t\t\t\t<\/div>\n\t\t\t\t\t\t\t<div class=\"elementor-toggle-item\">\n\t\t\t\t\t<div id=\"elementor-tab-title-12911\" class=\"elementor-tab-title\" data-tab=\"11\" role=\"button\" aria-controls=\"elementor-tab-content-12911\" aria-expanded=\"false\">\n\t\t\t\t\t\t\t\t\t\t\t\t<span class=\"elementor-toggle-icon elementor-toggle-icon-left\" aria-hidden=\"true\">\n\t\t\t\t\t\t\t\t\t\t\t\t\t\t\t<span class=\"elementor-toggle-icon-closed\"><i class=\"fas fa-caret-right\"><\/i><\/span>\n\t\t\t\t\t\t\t\t<span class=\"elementor-toggle-icon-opened\"><i class=\"elementor-toggle-icon-opened fas fa-caret-up\"><\/i><\/span>\n\t\t\t\t\t\t\t\t\t\t\t\t\t<\/span>\n\t\t\t\t\t\t\t\t\t\t\t\t<a class=\"elementor-toggle-title\" tabindex=\"0\"><h4>grupo de trabajo de pulm\u00f3n<\/h4><\/a>\n\t\t\t\t\t<\/div>\n\n\t\t\t\t\t<div id=\"elementor-tab-content-12911\" class=\"elementor-tab-content elementor-clearfix\" data-tab=\"11\" role=\"region\" aria-labelledby=\"elementor-tab-title-12911\"><p><strong>\u25b6<\/strong>\u00a0<a href=\"https:\/\/cbr.org.br\/wp-content\/uploads\/2017\/06\/10_01.pdf\" target=\"_blank\" rel=\"noreferrer noopener\">Estadificaci\u00f3n del c\u00e1ncer de pulm\u00f3n de c\u00e9lulas no peque\u00f1as<\/a><\/p>\n<p><strong>\u25b6<\/strong>\u00a0<a href=\"https:\/\/cbr.org.br\/wp-content\/uploads\/2017\/06\/10_02.pdf\" target=\"_blank\" rel=\"noreferrer noopener\">Radioterapia postoperatoria en c\u00e1ncer de pulm\u00f3n de c\u00e9lulas no peque\u00f1as<\/a><\/p>\n<p><strong>\u25b6<\/strong>\u00a0<a href=\"https:\/\/cbr.org.br\/wp-content\/uploads\/2017\/06\/10_03.pdf\" target=\"_blank\" rel=\"noreferrer noopener\">Seguimiento del c\u00e1ncer de pulm\u00f3n de c\u00e9lulas no peque\u00f1as<\/a><\/p>\n<p><strong>\u25b6<\/strong>\u00a0<a href=\"https:\/\/cbr.org.br\/wp-content\/uploads\/2017\/06\/10_04.pdf\" target=\"_blank\" rel=\"noreferrer noopener\">Terapia agresiva, no quir\u00fargica del c\u00e1ncer de pulm\u00f3n de c\u00e9lulas no peque\u00f1as<\/a><\/p>\n<p><strong>\u25b6<\/strong>\u00a0<a href=\"https:\/\/cbr.org.br\/wp-content\/uploads\/2017\/06\/10_05.pdf\" target=\"_blank\" rel=\"noreferrer noopener\">Terapia no agresiva, no quir\u00fargica del c\u00e1ncer de pulm\u00f3n de c\u00e9lulas no peque\u00f1as inoperable<\/a><\/p>\n<p><strong>\u25b6<\/strong>\u00a0<a href=\"https:\/\/cbr.org.br\/wp-content\/uploads\/2017\/06\/10_06.pdf\" target=\"_blank\" rel=\"noreferrer noopener\">Terapia neoadyuvante para el c\u00e1ncer de pulm\u00f3n de c\u00e9lulas no peque\u00f1as marginalmente resecable (N2 cl\u00ednico)<\/a><\/p><\/div>\n\t\t\t\t<\/div>\n\t\t\t\t\t\t\t<div class=\"elementor-toggle-item\">\n\t\t\t\t\t<div id=\"elementor-tab-title-12912\" class=\"elementor-tab-title\" data-tab=\"12\" role=\"button\" aria-controls=\"elementor-tab-content-12912\" aria-expanded=\"false\">\n\t\t\t\t\t\t\t\t\t\t\t\t<span class=\"elementor-toggle-icon elementor-toggle-icon-left\" aria-hidden=\"true\">\n\t\t\t\t\t\t\t\t\t\t\t\t\t\t\t<span class=\"elementor-toggle-icon-closed\"><i class=\"fas fa-caret-right\"><\/i><\/span>\n\t\t\t\t\t\t\t\t<span class=\"elementor-toggle-icon-opened\"><i class=\"elementor-toggle-icon-opened fas fa-caret-up\"><\/i><\/span>\n\t\t\t\t\t\t\t\t\t\t\t\t\t<\/span>\n\t\t\t\t\t\t\t\t\t\t\t\t<a class=\"elementor-toggle-title\" tabindex=\"0\"><h4>grupo de trabajo de prostata<\/h4><\/a>\n\t\t\t\t\t<\/div>\n\n\t\t\t\t\t<div id=\"elementor-tab-content-12912\" class=\"elementor-tab-content elementor-clearfix\" data-tab=\"12\" role=\"region\" aria-labelledby=\"elementor-tab-title-12912\"><p><strong>\u25b6<\/strong> <a href=\"https:\/\/cbr.org.br\/wp-content\/uploads\/2017\/06\/11_01.pdf\" target=\"_blank\" rel=\"noreferrer noopener\">Evaluaci\u00f3n y estadificaci\u00f3n de pacientes con adenocarcinoma de pr\u00f3stata<\/a><\/p>\n<p><!-- \/wp:paragraph --><!-- wp:paragraph --><\/p>\n<p><strong>\u25b6<\/strong> <a href=\"https:\/\/cbr.org.br\/wp-content\/uploads\/2017\/06\/11_02.pdf\" target=\"_blank\" rel=\"noreferrer noopener\">Braquiterapia permanente para el c\u00e1ncer de pr\u00f3stata<\/a><\/p>\n<p><!-- \/wp:paragraph --><!-- wp:paragraph --><\/p>\n<p><strong>\u25b6<\/strong> <a href=\"https:\/\/cbr.org.br\/wp-content\/uploads\/2017\/06\/11_03.pdf\" target=\"_blank\" rel=\"noreferrer noopener\">c\u00e1ncer de pr\u00f3stata con ganglios linf\u00e1ticos positivos<\/a><\/p>\n<p><!-- \/wp:paragraph --><!-- wp:paragraph --><\/p>\n<p><strong>\u25b6<\/strong> <a href=\"https:\/\/cbr.org.br\/wp-content\/uploads\/2017\/06\/11_04.pdf\" target=\"_blank\" rel=\"noreferrer noopener\">C\u00e1ncer de pr\u00f3stata localmente avanzado (alto riesgo)<\/a><\/p>\n<p><!-- \/wp:paragraph --><!-- wp:paragraph --><\/p>\n<p><strong>\u25b6<\/strong> <a href=\"https:\/\/cbr.org.br\/wp-content\/uploads\/2017\/06\/11_05.pdf\" target=\"_blank\" rel=\"noreferrer noopener\">Irradiaci\u00f3n posprostatectom\u00eda radical en c\u00e1ncer de pr\u00f3stata<\/a><\/p>\n<p><!-- \/wp:paragraph --><!-- wp:paragraph --><\/p>\n<p><strong>\u25b6<\/strong> <a href=\"https:\/\/cbr.org.br\/wp-content\/uploads\/2017\/06\/11_06.pdf\" target=\"_blank\" rel=\"noreferrer noopener\">Planificaci\u00f3n del tratamiento del c\u00e1ncer de pr\u00f3stata cl\u00ednicamente localizado<\/a><\/p>\n<p><!-- \/wp:paragraph --><!-- wp:paragraph --><\/p>\n<p><strong>\u25b6<\/strong> <a href=\"https:\/\/cbr.org.br\/wp-content\/uploads\/2017\/06\/11_07.pdf\" target=\"_blank\" rel=\"noreferrer noopener\">Radioterapia definitiva de haz externo en los estadios T1 y T2 del c\u00e1ncer de pr\u00f3stata<\/a><\/p><\/div>\n\t\t\t\t<\/div>\n\t\t\t\t\t\t\t<div class=\"elementor-toggle-item\">\n\t\t\t\t\t<div id=\"elementor-tab-title-12913\" class=\"elementor-tab-title\" data-tab=\"13\" role=\"button\" aria-controls=\"elementor-tab-content-12913\" aria-expanded=\"false\">\n\t\t\t\t\t\t\t\t\t\t\t\t<span class=\"elementor-toggle-icon elementor-toggle-icon-left\" aria-hidden=\"true\">\n\t\t\t\t\t\t\t\t\t\t\t\t\t\t\t<span class=\"elementor-toggle-icon-closed\"><i class=\"fas fa-caret-right\"><\/i><\/span>\n\t\t\t\t\t\t\t\t<span class=\"elementor-toggle-icon-opened\"><i class=\"elementor-toggle-icon-opened fas fa-caret-up\"><\/i><\/span>\n\t\t\t\t\t\t\t\t\t\t\t\t\t<\/span>\n\t\t\t\t\t\t\t\t\t\t\t\t<a class=\"elementor-toggle-title\" tabindex=\"0\"><h4>Grupo de Trabajo Rectal\/Anal<\/h4><\/a>\n\t\t\t\t\t<\/div>\n\n\t\t\t\t\t<div id=\"elementor-tab-content-12913\" class=\"elementor-tab-content elementor-clearfix\" data-tab=\"13\" role=\"region\" aria-labelledby=\"elementor-tab-title-12913\"><p><strong>\u25b6<\/strong>\u00a0<a href=\"https:\/\/cbr.org.br\/wp-content\/uploads\/2017\/06\/12_01.pdf\" target=\"_blank\" rel=\"noreferrer noopener\">c\u00e1ncer del canal anal<\/a><\/p>\n<p><strong>\u25b6<\/strong>\u00a0<a href=\"https:\/\/cbr.org.br\/wp-content\/uploads\/2017\/06\/12_02.pdf\" target=\"_blank\" rel=\"noreferrer noopener\">C\u00e1ncer de recto localmente irresecable<\/a><\/p>\n<p><strong>\u25b6<\/strong>\u00a0<a href=\"https:\/\/cbr.org.br\/wp-content\/uploads\/2017\/06\/12_03.pdf\" target=\"_blank\" rel=\"noreferrer noopener\">Tratamiento del c\u00e1ncer de recto resecable<\/a><\/p>\n<p><strong>\u25b6<\/strong>\u00a0<a href=\"https:\/\/cbr.org.br\/wp-content\/uploads\/2017\/06\/12_04.pdf\" target=\"_blank\" rel=\"noreferrer noopener\">C\u00e1ncer de recto: presentaci\u00f3n con enfermedad metast\u00e1sica y localmente avanzada<\/a><\/p><\/div>\n\t\t\t\t<\/div>\n\t\t\t\t\t\t\t\t<\/div>\n\t\t\t\t\t\t<\/div>\n\t\t\t\t<\/div>\n\t\t\t\t\t<\/div>\n\t\t<\/div>\n\t\t\t\t\t<\/div>\n\t\t<\/section>\n\t\t\t\t<section class=\"elementor-section elementor-top-section elementor-element elementor-element-244241e elementor-section-boxed elementor-section-height-default elementor-section-height-default\" data-id=\"244241e\" data-element_type=\"section\">\n\t\t\t\t\t\t<div class=\"elementor-container elementor-column-gap-default\">\n\t\t\t\t\t<div class=\"elementor-column elementor-col-100 elementor-top-column elementor-element elementor-element-697dabd\" data-id=\"697dabd\" data-element_type=\"column\">\n\t\t\t<div class=\"elementor-widget-wrap elementor-element-populated\">\n\t\t\t\t\t\t<div class=\"elementor-element elementor-element-2c5bda7 elementor-widget elementor-widget-spacer\" data-id=\"2c5bda7\" data-element_type=\"widget\" data-widget_type=\"spacer.default\">\n\t\t\t\t<div class=\"elementor-widget-container\">\n\t\t\t\t\t\t\t<div class=\"elementor-spacer\">\n\t\t\t<div class=\"elementor-spacer-inner\"><\/div>\n\t\t<\/div>\n\t\t\t\t\t\t<\/div>\n\t\t\t\t<\/div>\n\t\t\t\t\t<\/div>\n\t\t<\/div>\n\t\t\t\t\t<\/div>\n\t\t<\/section>\n\t\t\t\t<\/div>","protected":false},"excerpt":{"rendered":"<p>Autor\u00eda: Asociaci\u00f3n CBR y American College of Radiology (ACR)A\u00f1o: 2005 Introducci\u00f3n \u25b6 Introducci\u00f3n Cap\u00edtulo 1 \u2013 Im\u00e1genes tor\u00e1cicas \u25b6 Evaluaci\u00f3n de un n\u00f3dulo pulmonar solitario \u25b6 Disnea \u25b6 Enfermedad respiratoria aguda \u25b6 Enfermedad respiratoria aguda en pacientes con VIH \u25b6 Estadificaci\u00f3n del carcinoma broncog\u00e9nico , carcinoma de pulm\u00f3n de c\u00e9lulas no peque\u00f1as \u25b6 Fracturas de costillas \u25b6 Hemoptisis \u2026 <a href=\"https:\/\/cbr.org.br\/es\/criterios-de-adequacao-de-exames-de-imagem-e-radioterapia-volume-2\/\">Sigue leyendo<\/a><\/p>","protected":false},"author":15,"featured_media":0,"parent":0,"menu_order":0,"comment_status":"closed","ping_status":"closed","template":"","meta":{"_acf_changed":false,"footnotes":""},"class_list":["post-399","page","type-page","status-publish","hentry"],"acf":[],"_links":{"self":[{"href":"https:\/\/cbr.org.br\/es\/wp-json\/wp\/v2\/pages\/399","targetHints":{"allow":["GET"]}}],"collection":[{"href":"https:\/\/cbr.org.br\/es\/wp-json\/wp\/v2\/pages"}],"about":[{"href":"https:\/\/cbr.org.br\/es\/wp-json\/wp\/v2\/types\/page"}],"author":[{"embeddable":true,"href":"https:\/\/cbr.org.br\/es\/wp-json\/wp\/v2\/users\/15"}],"replies":[{"embeddable":true,"href":"https:\/\/cbr.org.br\/es\/wp-json\/wp\/v2\/comments?post=399"}],"version-history":[{"count":3,"href":"https:\/\/cbr.org.br\/es\/wp-json\/wp\/v2\/pages\/399\/revisions"}],"predecessor-version":[{"id":44966,"href":"https:\/\/cbr.org.br\/es\/wp-json\/wp\/v2\/pages\/399\/revisions\/44966"}],"wp:attachment":[{"href":"https:\/\/cbr.org.br\/es\/wp-json\/wp\/v2\/media?parent=399"}],"curies":[{"name":"wp","href":"https:\/\/api.w.org\/{rel}","templated":true}]}}