{"id":41544,"date":"2022-05-27T17:32:07","date_gmt":"2022-05-27T20:32:07","guid":{"rendered":"https:\/\/cbr.org.br\/?page_id=41544"},"modified":"2023-04-14T14:12:24","modified_gmt":"2023-04-14T17:12:24","slug":"covid-19","status":"publish","type":"page","link":"https:\/\/cbr.org.br\/es\/covid-19\/","title":{"rendered":"COVID-19"},"content":{"rendered":"<figure class=\"wp-block-image size-full\"><img fetchpriority=\"high\" decoding=\"async\" width=\"1000\" height=\"150\" src=\"https:\/\/cbr.org.br\/wp-content\/uploads\/2022\/05\/Banner-Site-CBR-1000x150px_Coronavirus-1-omnzqe8vgo1335r6cu27ar8mksojroem95qiix42qk.png\" alt=\"\" class=\"wp-image-41545\" srcset=\"https:\/\/cbr.org.br\/wp-content\/uploads\/2022\/05\/Banner-Site-CBR-1000x150px_Coronavirus-1-omnzqe8vgo1335r6cu27ar8mksojroem95qiix42qk.png 1000w, https:\/\/cbr.org.br\/wp-content\/uploads\/2022\/05\/Banner-Site-CBR-1000x150px_Coronavirus-1-omnzqe8vgo1335r6cu27ar8mksojroem95qiix42qk-960x144.png 960w, https:\/\/cbr.org.br\/wp-content\/uploads\/2022\/05\/Banner-Site-CBR-1000x150px_Coronavirus-1-omnzqe8vgo1335r6cu27ar8mksojroem95qiix42qk-450x68.png 450w, https:\/\/cbr.org.br\/wp-content\/uploads\/2022\/05\/Banner-Site-CBR-1000x150px_Coronavirus-1-omnzqe8vgo1335r6cu27ar8mksojroem95qiix42qk-768x115.png 768w\" sizes=\"(max-width: 1000px) 100vw, 1000px\" \/><\/figure>\n\n\n\n<div class=\"wp-block-columns is-layout-flex wp-container-core-columns-is-layout-9d6595d7 wp-block-columns-is-layout-flex\">\n<div class=\"wp-block-column is-layout-flow wp-block-column-is-layout-flow\" style=\"flex-basis:50%\">\n<p>El Colegio Brasile\u00f1o de Radiolog\u00eda y Diagn\u00f3stico por Im\u00e1genes (CBR) reserv\u00f3 este espacio para que todos: radi\u00f3logos y m\u00e9dicos de diagn\u00f3stico por im\u00e1genes, colegas m\u00e9dicos de otras especialidades, profesionales del \u00e1rea de la salud en general, periodistas y formadores de opini\u00f3n y, principalmente, la poblaci\u00f3n tenga acceso a informaci\u00f3n responsable y de calidad.<\/p>\n<\/div>\n\n\n\n<div class=\"wp-block-column is-layout-flow wp-block-column-is-layout-flow\" style=\"flex-basis:50%\"><\/div>\n<\/div>\n\n\n\n<div class=\"wp-block-columns is-layout-flex wp-container-core-columns-is-layout-9d6595d7 wp-block-columns-is-layout-flex\">\n<div class=\"wp-block-column is-layout-flow wp-block-column-is-layout-flow\" style=\"flex-basis:50%\">\n<p>Adem\u00e1s de las recomendaciones de CBR, hemos reunido aqu\u00ed lineamientos de otras sociedades m\u00e9dicas que buscan orientar a las personas para prevenirse del nuevo Corona Virus.<\/p>\n<\/div>\n\n\n\n<div class=\"wp-block-column is-layout-flow wp-block-column-is-layout-flow\" style=\"flex-basis:50%\"><\/div>\n<\/div>\n\n\n\n<p>\u00a1Seguir!<\/p>\n\n\n\n<div style=\"height:10px\" aria-hidden=\"true\" class=\"wp-block-spacer\"><\/div>\n\n\n\n<hr class=\"wp-block-separator has-css-opacity\"\/>\n\n\n\n<div style=\"height:0px\" aria-hidden=\"true\" class=\"wp-block-spacer\"><\/div>\n\n\n<div class=\"lightweight-accordion bordered has-text-color has-background\"><details><summary class=\"lightweight-accordion-title\" style=\"color:#000000;background:#ffffff;\"><h2>Documentos y recomendaciones de CBR<\/h2><\/summary><div class=\"lightweight-accordion-body\" style=\"border-color:#ffffff;\">\n\n<p><strong>\u25b6<\/strong> <a href=\"https:\/\/cbr.org.br\/wp-content\/uploads\/2020\/05\/Como-o-radiologista-deve-proceder-ao-se-deparar-com-anormalidades-pulmonares-15.05.2020-V1.pdf\" target=\"_blank\" rel=\"noreferrer noopener\">\u00bfVe c\u00f3mo debe proceder el radi\u00f3logo ante anomal\u00edas pulmonares identificadas en tomograf\u00edas computarizadas de abdomen durante la pandemia de SARS-CoV-2?<\/a><\/p>\n\n\n\n<p><strong>\u25b6<\/strong> <a href=\"https:\/\/associadocbr.com.br\/wp-content\/uploads\/2020\/04\/Nota-T\u00e9cnica-n-04-2020-GVIMS-GGTES-ANVISA-ATUALIZADA.pdf-1.pdf\" target=\"_blank\" rel=\"noreferrer noopener\">Descubra la Nota T\u00e9cnica de Anvisa N\u00b0 04-2020 GVIMS-GGTES.<\/a><\/p>\n\n\n\n<p><strong>\u25b6<\/strong> <a href=\"https:\/\/cbr.org.br\/wp-content\/uploads\/2020\/06\/Nota-t\u00e9cnica-06-2020-GVIMS-GGTES-ANVISA-revis\u00e3o-29-maio-2020.pdf\" target=\"_blank\" rel=\"noreferrer noopener\">Conozca la nota t\u00e9cnica GVIMS\/GGTES\/ANVISA n\u00ba 06\/2020 \u2013 Directrices para la prevenci\u00f3n y control de infecciones por el nuevo Coronavirus (SARS-CoV-2) en los procedimientos quir\u00fargicos de Anvisa.<\/a><\/p>\n\n\n\n<p><strong>\u25b6<\/strong> <a href=\"https:\/\/cbr.org.br\/wp-content\/uploads\/2020\/08\/Nota-Tecnica-GIMS-GGTES-ANVISA-N\u00ba-07-2020-atualizada-em-05-08-20-1.pdf\" target=\"_blank\" rel=\"noreferrer noopener\">Descubra la Nota T\u00e9cnica N\u00b0 07-2020 Directrices GVIMS-GGTES para la prevenci\u00f3n y vigilancia epidemiol\u00f3gica de las Infecciones por SARS-CoV-2 (COVID-19) en los servicios de salud \u2013 05\/08\/2020 de la Anvisa.<\/a><\/p>\n\n\n\n<p><strong>\u25b6<\/strong> <a href=\"https:\/\/associadocbr.com.br\/wp-content\/uploads\/2020\/03\/CBR_Carta-sobre-exames-eletivos_18_03_20_Id.-Visual.pdf\" target=\"_blank\" rel=\"noreferrer noopener\">Conozca la Carta sobre ex\u00e1menes electivos de la Facultad Brasile\u00f1a de Radiolog\u00eda y Diagn\u00f3stico por Im\u00e1genes<\/a><\/p>\n\n\n\n<p><strong>\u25b6<\/strong> <a href=\"https:\/\/cbr.org.br\/wp-content\/uploads\/2020\/04\/CBR_COVID-19-e-seus-impactos-legais-no-Brasil_compilado-do-que-o-associado-precisa-saber.pdf\" target=\"_blank\" rel=\"noreferrer noopener\">Conozca los impactos legales de COVID-19 en Brasil: compilado a partir de lo que los miembros deben saber<\/a><\/p>\n\n\n\n<p><strong>\u25b6<\/strong> <a href=\"https:\/\/cbr.org.br\/wp-content\/uploads\/2020\/12\/CBR_Cuidados-espec%C3%ADficos-para-servi\u00e7os-de-ultrassonografia-diagn\u00f3stica-durante-o-surto-de-COVID-19_v3_11_12_2020.pdf\" target=\"_blank\" rel=\"noreferrer noopener\">Conozca los cuidados espec\u00edficos para los servicios de ecograf\u00eda diagn\u00f3stica durante el brote de COVID-19<\/a><\/p>\n\n\n\n<p><strong>\u25b6<\/strong> <a href=\"https:\/\/cbr.org.br\/wp-content\/uploads\/2020\/03\/Interpreta\u00e7\u00e3o-dos-achados-de-imagem_21_03_20.pdf\" target=\"_blank\" rel=\"noreferrer noopener\">Conoce la Gu\u00eda CBR_Imagen hallazgos en COVID-19_Indicaci\u00f3n e interpretaci\u00f3n.<\/a><\/p>\n\n\n\n<p><strong>\u25b6<\/strong> <a href=\"https:\/\/cbr.org.br\/wp-content\/uploads\/2020\/03\/NOTA-CONJUNTA-DO-CBR_FEBRASGO_SBMSOBRE-AS-ORIENTA\u00c7\u00d5ES-PARA-AGENDAMENTO-DOS-EXAMES-DE-DE-IMAGEM-DA-MAMA-DURANTE-A-PANDEMIA-DE-COVID-19-.pdf\" target=\"_blank\" rel=\"noreferrer noopener\">Inf\u00f3rmese sobre la Nota Conjunta CBR-Febrasgo-SBM sobre lineamientos para programar ex\u00e1menes de Imagen de Mama durante la pandemia de COVID-19.<\/a><\/p>\n\n\n\n<p><strong>\u25b6<\/strong> <a href=\"https:\/\/cbr.org.br\/wp-content\/uploads\/2020\/04\/Covid-Recomenda\u00e7\u00e3o-For\u00e7a-Tarefa-min.pdf\" target=\"_blank\" rel=\"noreferrer noopener\">Conozca las Directrices sobre Diagn\u00f3stico, Tratamiento y Aislamiento de Pacientes con COVID-19.<\/a><\/p>\n\n\n\n<p><strong>\u25b6<\/strong> <a href=\"https:\/\/associadocbr.com.br\/wp-content\/uploads\/2020\/03\/RECOMENDA\u00c7\u00d5ES-da-CNRM-PARA-ENFRENTAMENTO-DA-PANDEMIA-2.pdf\" target=\"_blank\" rel=\"noreferrer noopener\">Conozca las Recomendaciones del CNRM para el enfrentamiento a la pandemia.<\/a><\/p>\n\n\n\n<p><strong>\u25b6<\/strong> <a href=\"https:\/\/cbr.org.br\/wp-content\/uploads\/2020\/03\/CBR_Recomenda\u00e7\u00f5es-da-CEAR-sobre-o-documento-da-CNRM-Covid-19.pdf\" target=\"_blank\" rel=\"noreferrer noopener\">Conoce las Recomendaciones de CEAR para enfrentar la pandemia.<\/a><\/p>\n\n\n\n<p><strong>\u25b6<\/strong> <a href=\"https:\/\/cbr.org.br\/wp-content\/uploads\/2020\/10\/Recomenda\u00e7\u00f5es-da-CEAR-a-respeito-das-retomadas-das-atividades-p\u00f3s-pandemia.pdf\" target=\"_blank\" rel=\"noreferrer noopener\">Recomendaciones de CEAR respecto a la reanudaci\u00f3n de actividades pospandemia.<\/a><\/p>\n\n\n\n<p><strong>\u25b6<\/strong> <a href=\"https:\/\/cbr.org.br\/wp-content\/uploads\/2021\/06\/RECOMENDACAO-CEAR_APERFEICOANDA-GESTANTE_COVID_19.pdf\" target=\"_blank\" rel=\"noreferrer noopener\">Recomendaciones de CEAR a perfectas embarazadas.<\/a><\/p>\n\n\n\n<p><strong>\u25b6<\/strong> <a href=\"https:\/\/cbr.org.br\/wp-content\/uploads\/2020\/06\/Recomendacoes-de-uso-de-metodos-de-imagem-para-pacientes-suspeitos-de-infeccao-pelo-COVID19_v3.pdf\" target=\"_blank\" rel=\"noreferrer noopener\">Consulte las recomendaciones de im\u00e1genes de COVID-19 del Colegio Brasile\u00f1o de Radiolog\u00eda y Diagn\u00f3stico por Im\u00e1genes<\/a><\/p>\n\n\n\n<p><strong>\u25b6<\/strong> <a href=\"https:\/\/associadocbr.com.br\/wp-content\/uploads\/2020\/03\/CBR_Recomenda\u00e7\u00f5es-gerais-de-preven\u00e7\u00e3o-de-infec\u00e7\u00e3o-pelo-COVID-19-para-cl%C3%ADnicas-e-servi\u00e7os-hospitalares-de-diagn\u00f3stico-por-imagem.pdf\" target=\"_blank\" rel=\"noreferrer noopener\">Conozca las recomendaciones del Colegio Brasile\u00f1o de Radiolog\u00eda e Im\u00e1genes de Diagn\u00f3stico para la prevenci\u00f3n de la COVID-19 para los servicios de diagn\u00f3stico por im\u00e1genes de las cl\u00ednicas y hospitales.<\/a><\/p>\n\n\n\n<p><strong>\u25b6<\/strong> <a href=\"https:\/\/associadocbr.com.br\/wp-content\/uploads\/2020\/05\/POCUS_COVID_19_ABRAMEDE_2.101.pdf\" target=\"_blank\" rel=\"noreferrer noopener\">Ver Recomendaciones para el uso de Point of Care Ultrasound (POCUS) en la atenci\u00f3n inicial de COVID-19 Versi\u00f3n #2\/2020 Actualizado el 25\/05\/20<\/a><\/p>\n\n\n\n<p><strong>\u25b6<\/strong> <a href=\"https:\/\/cbr.org.br\/wp-content\/uploads\/2020\/04\/SOBRICE-COVID19.pdf\" target=\"_blank\" rel=\"noreferrer noopener\">Conozca las recomendaciones espec\u00edficas sobre la atenci\u00f3n al paciente por m\u00e9dicos intervencionistas durante la pandemia de COVID-19 de la Sociedad Brasile\u00f1a de Radiolog\u00eda Intervencionista y Cirug\u00eda Endovascular (Sobrice) y el Colegio Brasile\u00f1o de Radiolog\u00eda e Imagen Diagn\u00f3stica (CBR).<\/a><\/p>\n\n\n\n<p class=\"has-small-font-size\">*(Los documentos son revisados peri\u00f3dicamente, incluyendo la fecha y versi\u00f3n de actualizaci\u00f3n);&nbsp;<br>**Documentos preparados por CBR y tambi\u00e9n en asociaci\u00f3n con instituciones asociadas.<\/p>\n\n<\/div><\/details><\/div>\n\n\n<div style=\"height:10px\" aria-hidden=\"true\" class=\"wp-block-spacer\"><\/div>\n\n\n\n<hr class=\"wp-block-separator has-css-opacity\"\/>\n\n\n\n<div style=\"height:0px\" aria-hidden=\"true\" class=\"wp-block-spacer\"><\/div>\n\n\n<div class=\"lightweight-accordion bordered has-text-color has-background\"><details><summary class=\"lightweight-accordion-title\" style=\"color:#000000;background:#ffffff;\"><h2>Recomendaciones de otras entidades<\/h2><\/summary><div class=\"lightweight-accordion-body\" style=\"border-color:#ffffff;\">\n\n<p><strong>\u25b6<\/strong> <a href=\"https:\/\/associadocbr.com.br\/wp-content\/uploads\/2020\/03\/POSICIONAMENTO_ABRAMEDE_-_CORONAVIRUS_-_03-__10032020.pdf\" target=\"_blank\" rel=\"noreferrer noopener\">Conozca el posicionamiento de la Asociaci\u00f3n Brasile\u00f1a de Emergencias M\u00e9dicas (Abramede).<\/a><\/p>\n\n\n\n<p><strong>\u25b6<\/strong> <a href=\"https:\/\/associadocbr.com.br\/wp-content\/uploads\/2020\/03\/Protocolo_de_Intubacao_Orotraqueal.pdf\" target=\"_blank\" rel=\"noreferrer noopener\">Descubra las recomendaciones de la Asociaci\u00f3n Brasile\u00f1a de Emergencias M\u00e9dicas (Abramede), la Asociaci\u00f3n Brasile\u00f1a de Medicina Intensiva (AMIB) y la Asociaci\u00f3n M\u00e9dica Brasile\u00f1a (AMB) para la Intubaci\u00f3n Orotraqueal para casos sospechosos o confirmados de COVID-19.<\/a><\/p>\n\n\n\n<p><strong>\u25b6<\/strong> <a href=\"https:\/\/associadocbr.com.br\/wp-content\/uploads\/2020\/03\/Protocolo_Manejo_Broncoespasmo.pdf\" target=\"_blank\" rel=\"noreferrer noopener\">Conozca el protocolo de manejo del broncoespasmo en casos sospechosos o confirmados de COVID-19 de la Asociaci\u00f3n Brasile\u00f1a de Emergencias M\u00e9dicas (Abramede), Asociaci\u00f3n Brasile\u00f1a de Medicina Intensiva (AMIB) y Asociaci\u00f3n M\u00e9dica Brasile\u00f1a (AMB).<\/a><\/p>\n\n\n\n<p><strong>\u25b6<\/strong> <a href=\"https:\/\/associadocbr.com.br\/wp-content\/uploads\/2020\/03\/protocolo_oxigenioterapia_covid19.pdf\" target=\"_blank\" rel=\"noreferrer noopener\">Conozca el protocolo de suplementaci\u00f3n de ox\u00edgeno en pacientes con sospecha o confirmaci\u00f3n de infecci\u00f3n por COVID-19 de la Asociaci\u00f3n Brasile\u00f1a de Emergencias M\u00e9dicas (Abramede), Associa\u00e7\u00e3o Intensiva de Medicina Brasileira (AMIB) y Associa\u00e7\u00e3o M\u00e9dica Brasileira (AMB).<\/a><\/p>\n\n\n\n<p><strong>\u25b6<\/strong> <a href=\"https:\/\/www.acr.org\/Coronavirus-Covid-19-Resources\" target=\"_blank\" rel=\"noreferrer noopener\">Consulte el sitio web del Colegio Americano de Radiolog\u00eda sobre COVID-19.<\/a><\/p>\n\n\n\n<p><strong>\u25b6<\/strong> <a href=\"https:\/\/associadocbr.com.br\/wp-content\/uploads\/2020\/05\/Diretrizes-para-o-Tratamento-Farmacologico-da-COVID-v18mai2020-1.pdf\" target=\"_blank\" rel=\"noreferrer noopener\">Conoce las Directrices para el Tratamiento Farmacol\u00f3gico del COVID-19 de AMIB, SBI y SBPT.<\/a><\/p>\n\n\n\n<p><strong>\u25b6<\/strong> <a href=\"https:\/\/associadocbr.com.br\/wp-content\/uploads\/2020\/04\/Nota-T\u00e9cnica-n-04-2020-GVIMS-GGTES-ANVISA-ATUALIZADA.pdf-1.pdf\" target=\"_blank\" rel=\"noreferrer noopener\">Descubra la Nota T\u00e9cnica de Anvisa N\u00b0 04-2020 GVIMS-GGTES.<\/a><\/p>\n\n\n\n<p><strong>\u25b6<\/strong> <a href=\"https:\/\/www.acronline.org\/COVID-19\" target=\"_blank\" rel=\"noreferrer noopener\">Descubre la web de la Asociaci\u00f3n Colombiana de Radiolog\u00eda sobre el COVID-19.<\/a><\/p>\n\n\n\n<p><strong>\u25b6<\/strong> <a rel=\"noreferrer noopener\" href=\"https:\/\/www.webcir.org\/noticir\/2020_vol17_n04\/por\/n0.html\" target=\"_blank\">Descubra el sitio web del Colegio Interamericano de Radiolog\u00eda \u2013 CIR sobre COVID-19.<\/a>     <strong><a rel=\"noreferrer noopener\" href=\"https:\/\/www.webcir.org\/noticir\/2020_vol17_n04\/esp\/n0.html\" target=\"_blank\">Espa\u00f1ol<\/a><\/strong> &#8211; <a rel=\"noreferrer noopener\" href=\"https:\/\/www.webcir.org\/noticir\/2020_vol17_n04\/eng\/n0.html\" target=\"_blank\">I<\/a><strong><a rel=\"noreferrer noopener\" href=\"https:\/\/www.webcir.org\/noticir\/2020_vol17_n04\/eng\/n0.html\" target=\"_blank\">ingl\u00e9s<\/a><\/strong><\/p>\n\n\n\n<p><strong>\u25b6<\/strong> <a href=\"https:\/\/www.myesr.org\/covid-19-resources\" target=\"_blank\" rel=\"noreferrer noopener\">Descubra el sitio web de la Sociedad Europea de Radiolog\u00eda \u2013 ESR sobre COVID-19.<\/a><\/p>\n\n\n\n<p><strong>\u25b6<\/strong> <a href=\"https:\/\/associadocbr.com.br\/wp-content\/uploads\/2020\/03\/plano_de_contingencia_coronavirus_Fiocruz_2020-03-13_Menor.pdf\" target=\"_blank\" rel=\"noreferrer noopener\">Conozca el plan de contingencia de FioCruz ante la pandemia de la enfermedad SARS-CoV2 (Covid-19).<\/a><\/p>\n\n\n\n<p><strong>\u25b6<\/strong> <a href=\"https:\/\/cbr.org.br\/wp-content\/uploads\/2020\/04\/ISR_COVID.pdf\" target=\"_blank\" rel=\"noreferrer noopener\">Conozca las recomendaciones para radi\u00f3logos de la Sociedad Internacional de Radiolog\u00eda (ISR) con respecto al COVID-19.<\/a><\/p>\n\n\n\n<p><strong>\u25b6<\/strong> <a href=\"https:\/\/www.isuog.org\/clinical-resources\/coronavirus-covid-19-resources.html\" target=\"_blank\" rel=\"noreferrer noopener\">Consulte el sitio web de la Sociedad Internacional de Ultrasonido en Obstetricia y Ginecolog\u00eda (ISUOG) sobre COVID-19.<\/a><\/p>\n\n\n\n<p><strong>\u25b6<\/strong> <a href=\"https:\/\/www.rsna.org\/covid-19\" target=\"_blank\" rel=\"noreferrer noopener\">Descubra el sitio web de la Sociedad Radiol\u00f3gica de Am\u00e9rica del Norte (RSNA) sobre COVID-19.<\/a><\/p>\n\n\n\n<p><strong>\u25b6<\/strong> <a href=\"https:\/\/covid19.espacio-seram.com\/index.php\" target=\"_blank\" rel=\"noreferrer noopener\">Descubre la web de la Sociedad Espa\u00f1ola de Radiolog\u00eda M\u00e9dica \u2013 SERAM sobre el COVID-19.<\/a><\/p>\n\n\n\n<p><strong>\u25b6<\/strong> <a href=\"https:\/\/associadocbr.com.br\/wp-content\/uploads\/2020\/03\/Informativo-em-PDF-CoV-12-03-2020.pdf.pdf\" target=\"_blank\" rel=\"noreferrer noopener\">Consulte las directrices de la Sociedad Brasile\u00f1a de Infectolog\u00eda (OSE) sobre el nuevo coronavirus.<\/a><\/p>\n\n\n\n<p><strong>\u25b6<\/strong> <a href=\"https:\/\/cbr.org.br\/wp-content\/uploads\/2020\/04\/NotaEsclarecimentoSBI_02-04_Mascaras-1.pdf\" target=\"_blank\" rel=\"noreferrer noopener\">Consulte la Nota de Aclaraci\u00f3n de la Sociedad Brasile\u00f1a de Enfermedades Infecciosas (OSE) sobre el uso de mascarillas en la pandemia de COVID-19.<\/a><\/p>\n\n\n\n<p><strong>\u25b6<\/strong> <a href=\"https:\/\/ebulletin.radiologie.fr\/covid19\" target=\"_blank\" rel=\"noreferrer noopener\">Descubra el sitio web de la Soci\u00e9t\u00e9 Fran\u00e7aise de Radiologie \u2013 SFR sobre COVID-19.<\/a><\/p>\n\n\n\n<p><strong>\u25b6<\/strong> <a href=\"https:\/\/arrs.org\/covid19\" target=\"_blank\" rel=\"noreferrer noopener\">Visite el sitio web de la American Roentgen Ray Society (ARRS) sobre COVID-19.<\/a><\/p>\n\n\n\n<p><strong>\u25b6<\/strong> <a href=\"https:\/\/www.bir.org.uk\/useful-information\/covid-19-resources.aspx\" target=\"_blank\" rel=\"noreferrer noopener\">Descubra el sitio web de The British Institute Radiology (BIR) sobre COVID-19.<\/a><\/p>\n\n<\/div><\/details><\/div>\n\n\n<div style=\"height:10px\" aria-hidden=\"true\" class=\"wp-block-spacer\"><\/div>","protected":false},"excerpt":{"rendered":"<p>El Colegio Brasile\u00f1o de Radiolog\u00eda y Diagn\u00f3stico por Im\u00e1genes (CBR) reserv\u00f3 este espacio para que todos: radi\u00f3logos y m\u00e9dicos de diagn\u00f3stico por im\u00e1genes, colegas m\u00e9dicos de otras especialidades, profesionales del \u00e1rea de la salud en general, periodistas y formadores de opini\u00f3n y, principalmente, la poblaci\u00f3n tenga acceso a informaci\u00f3n responsable y de calidad. Adem\u00e1s de recomendaciones\u2026 <a href=\"https:\/\/cbr.org.br\/es\/covid-19\/\">Sigue leyendo<\/a><\/p>","protected":false},"author":17,"featured_media":0,"parent":0,"menu_order":0,"comment_status":"closed","ping_status":"closed","template":"","meta":{"_acf_changed":false,"footnotes":""},"class_list":["post-41544","page","type-page","status-publish","hentry"],"acf":[],"_links":{"self":[{"href":"https:\/\/cbr.org.br\/es\/wp-json\/wp\/v2\/pages\/41544","targetHints":{"allow":["GET"]}}],"collection":[{"href":"https:\/\/cbr.org.br\/es\/wp-json\/wp\/v2\/pages"}],"about":[{"href":"https:\/\/cbr.org.br\/es\/wp-json\/wp\/v2\/types\/page"}],"author":[{"embeddable":true,"href":"https:\/\/cbr.org.br\/es\/wp-json\/wp\/v2\/users\/17"}],"replies":[{"embeddable":true,"href":"https:\/\/cbr.org.br\/es\/wp-json\/wp\/v2\/comments?post=41544"}],"version-history":[{"count":3,"href":"https:\/\/cbr.org.br\/es\/wp-json\/wp\/v2\/pages\/41544\/revisions"}],"predecessor-version":[{"id":45114,"href":"https:\/\/cbr.org.br\/es\/wp-json\/wp\/v2\/pages\/41544\/revisions\/45114"}],"wp:attachment":[{"href":"https:\/\/cbr.org.br\/es\/wp-json\/wp\/v2\/media?parent=41544"}],"curies":[{"name":"wp","href":"https:\/\/api.w.org\/{rel}","templated":true}]}}