{"id":53434,"date":"2025-11-06T12:43:03","date_gmt":"2025-11-06T15:43:03","guid":{"rendered":"https:\/\/cbr.org.br\/?page_id=53434"},"modified":"2025-11-06T13:20:48","modified_gmt":"2025-11-06T16:20:48","slug":"cbr-podcast-temporada-1-2","status":"publish","type":"page","link":"https:\/\/cbr.org.br\/es\/cbr-podcast-temporada-1-2\/","title":{"rendered":"Podcast CBR \u2013 Temporada 1"},"content":{"rendered":"<div data-elementor-type=\"wp-page\" data-elementor-id=\"53434\" class=\"elementor elementor-53434\" data-elementor-post-type=\"page\">\n\t\t\t\t<div class=\"elementor-element elementor-element-0d60cd7 e-flex e-con-boxed e-con e-parent\" data-id=\"0d60cd7\" data-element_type=\"container\">\n\t\t\t\t\t<div class=\"e-con-inner\">\n\t\t\t\t<div class=\"elementor-element elementor-element-30e3fc1 elementor-widget elementor-widget-spacer\" data-id=\"30e3fc1\" data-element_type=\"widget\" data-widget_type=\"spacer.default\">\n\t\t\t\t<div class=\"elementor-widget-container\">\n\t\t\t\t\t\t\t<div class=\"elementor-spacer\">\n\t\t\t<div class=\"elementor-spacer-inner\"><\/div>\n\t\t<\/div>\n\t\t\t\t\t\t<\/div>\n\t\t\t\t<\/div>\n\t\t\t\t\t<\/div>\n\t\t\t\t<\/div>\n\t\t<div class=\"elementor-element elementor-element-5467bbf e-flex e-con-boxed e-con e-parent\" data-id=\"5467bbf\" data-element_type=\"container\">\n\t\t\t\t\t<div class=\"e-con-inner\">\n\t\t\t\t<div class=\"elementor-element elementor-element-52b0769 elementor-widget elementor-widget-spacer\" data-id=\"52b0769\" data-element_type=\"widget\" data-widget_type=\"spacer.default\">\n\t\t\t\t<div class=\"elementor-widget-container\">\n\t\t\t\t\t\t\t<div class=\"elementor-spacer\">\n\t\t\t<div class=\"elementor-spacer-inner\"><\/div>\n\t\t<\/div>\n\t\t\t\t\t\t<\/div>\n\t\t\t\t<\/div>\n\t\t\t\t\t<\/div>\n\t\t\t\t<\/div>\n\t\t<div class=\"elementor-element elementor-element-7725712 e-flex e-con-boxed e-con e-parent\" data-id=\"7725712\" data-element_type=\"container\">\n\t\t\t\t\t<div class=\"e-con-inner\">\n\t\t\t\t<div class=\"elementor-element elementor-element-a7e4395 elementor-widget elementor-widget-text-editor\" data-id=\"a7e4395\" data-element_type=\"widget\" data-widget_type=\"text-editor.default\">\n\t\t\t\t<div class=\"elementor-widget-container\">\n\t\t\t\t\t\t\t\t\t<p>La segunda temporada de\u00a0<strong>Podcast cultural de CBR<\/strong>\u00a0trae una serie de episodios atractivos y esclarecedores que trascienden y van\u00a0<strong>M\u00e1s all\u00e1 de la radiolog\u00eda<\/strong>A lo largo de los episodios, se reunieron expertos de radiolog\u00eda y otros campos para debatir temas relevantes y actuales.<\/p><p>Cada episodio explora los desaf\u00edos, las innovaciones y las tendencias de la profesi\u00f3n, abarcando desde avances tecnol\u00f3gicos hasta cuestiones \u00e9ticas y culturales, con el objetivo de brindar a los oyentes una visi\u00f3n integral de lo que son los radi\u00f3logos.<\/p><p>Con un formato accesible y atractivo, esta temporada sent\u00f3 las bases para un di\u00e1logo permanente y enriquecedor, conectando profesionales y ampliando horizontes.<\/p>\t\t\t\t\t\t\t\t<\/div>\n\t\t\t\t<\/div>\n\t\t\t\t\t<\/div>\n\t\t\t\t<\/div>\n\t\t<div class=\"elementor-element elementor-element-558957b e-flex e-con-boxed e-con e-parent\" data-id=\"558957b\" data-element_type=\"container\">\n\t\t\t\t\t<div class=\"e-con-inner\">\n\t\t\t\t<div class=\"elementor-element elementor-element-b6f14cb elementor-widget elementor-widget-heading\" data-id=\"b6f14cb\" data-element_type=\"widget\" data-widget_type=\"heading.default\">\n\t\t\t\t<div class=\"elementor-widget-container\">\n\t\t\t\t\t<h2 class=\"elementor-heading-title elementor-size-default\">Escucha todos los episodios de esta temporada:<\/h2>\t\t\t\t<\/div>\n\t\t\t\t<\/div>\n\t\t\t\t\t<\/div>\n\t\t\t\t<\/div>\n\t\t<div class=\"elementor-element elementor-element-31c353f e-flex e-con-boxed e-con e-parent\" data-id=\"31c353f\" data-element_type=\"container\">\n\t\t\t\t\t<div class=\"e-con-inner\">\n\t\t\t\t<div class=\"elementor-element elementor-element-8c70b5c elementor-widget elementor-widget-spacer\" data-id=\"8c70b5c\" data-element_type=\"widget\" data-widget_type=\"spacer.default\">\n\t\t\t\t<div class=\"elementor-widget-container\">\n\t\t\t\t\t\t\t<div class=\"elementor-spacer\">\n\t\t\t<div class=\"elementor-spacer-inner\"><\/div>\n\t\t<\/div>\n\t\t\t\t\t\t<\/div>\n\t\t\t\t<\/div>\n\t\t\t\t\t<\/div>\n\t\t\t\t<\/div>\n\t\t<div class=\"elementor-element elementor-element-df94f59 e-flex e-con-boxed e-con e-parent\" data-id=\"df94f59\" data-element_type=\"container\">\n\t\t\t\t\t<div class=\"e-con-inner\">\n\t\t<div class=\"elementor-element elementor-element-bb586f8 e-con-full e-flex e-con e-child\" data-id=\"bb586f8\" data-element_type=\"container\">\n\t\t\t\t<div class=\"elementor-element elementor-element-88d88cd elementor-widget elementor-widget-shortcode\" data-id=\"88d88cd\" data-element_type=\"widget\" data-widget_type=\"shortcode.default\">\n\t\t\t\t<div class=\"elementor-widget-container\">\n\t\t\t\t\t\t\t<div class=\"elementor-shortcode\"><iframe data-testid=\"embed-iframe\" style=\"border-radius:12px\" src=\"https:\/\/open.spotify.com\/embed\/episode\/1Z7hiCj9ydrCoAGFLDhxVT\/video?utm_source=generator\" width=\"496\" height=\"279\" frameborder=\"0\" allowfullscreen=\"\" allow=\"autoplay; clipboard-write; encrypted-media; fullscreen; picture-in-picture\" loading=\"lazy\"><\/iframe>\n\n\n<body>\n<br>\n<h3>Episodio 35<\/h3>\n<h4>Ella es una l\u00edder: <br>Empoderamiento femenino<br> en radiolog\u00eda<\/h4>\n<p> Invitado: <b>Dr. luciana costa<\/b><\/p>\n<p> Moderaci\u00f3n: <b>Dra. Aline Guimar\u00e3es<\/b><\/p>\n<\/body><\/div>\n\t\t\t\t\t\t<\/div>\n\t\t\t\t<\/div>\n\t\t\t\t<\/div>\n\t\t<div class=\"elementor-element elementor-element-818fedc e-con-full e-flex e-con e-child\" data-id=\"818fedc\" data-element_type=\"container\">\n\t\t\t\t<div class=\"elementor-element elementor-element-b5dd0e1 elementor-widget elementor-widget-shortcode\" data-id=\"b5dd0e1\" data-element_type=\"widget\" data-widget_type=\"shortcode.default\">\n\t\t\t\t<div class=\"elementor-widget-container\">\n\t\t\t\t\t\t\t<div class=\"elementor-shortcode\"><iframe data-testid=\"embed-iframe\" style=\"border-radius:12px\" src=\"https:\/\/open.spotify.com\/embed\/episode\/03ViPv08ev2EUJyfg386wU\/video?utm_source=generator\" width=\"496\" height=\"279\" frameborder=\"0\" allowfullscreen=\"\" allow=\"autoplay; clipboard-write; encrypted-media; fullscreen; picture-in-picture\" loading=\"lazy\"><\/iframe>\n\n\n<body>\n<br>\n<h3>Episodio 36<\/h3>\n<h4>Innovaci\u00f3n en radiolog\u00eda: Tecnolog\u00eda al servicio de la humanizaci\u00f3n.<\/h4>\n<p> Invitado: <b>Dr. Gustavo Meirelles<\/b><\/p>\n<p> Moderaci\u00f3n: <b>Dra. Aline Guimar\u00e3es<\/b><\/p>\n<\/body><\/div>\n\t\t\t\t\t\t<\/div>\n\t\t\t\t<\/div>\n\t\t\t\t<\/div>\n\t\t<div class=\"elementor-element elementor-element-df739bc e-con-full e-flex e-con e-child\" data-id=\"df739bc\" data-element_type=\"container\">\n\t\t\t\t<div class=\"elementor-element elementor-element-a4e4b96 elementor-widget elementor-widget-shortcode\" data-id=\"a4e4b96\" data-element_type=\"widget\" data-widget_type=\"shortcode.default\">\n\t\t\t\t<div class=\"elementor-widget-container\">\n\t\t\t\t\t\t\t<div class=\"elementor-shortcode\"><iframe data-testid=\"embed-iframe\" style=\"border-radius:12px\" src=\"https:\/\/open.spotify.com\/embed\/episode\/4owegzxs1kvJKwCMOUcbwj\/video?utm_source=generator\" width=\"496\" height=\"279\" frameborder=\"0\" allowfullscreen=\"\" allow=\"autoplay; clipboard-write; encrypted-media; fullscreen; picture-in-picture\" loading=\"lazy\"><\/iframe>\n\n\n<body>\n<br>\n<h3>Episodio 37<\/h3>\n<h4>Autoconocimiento<br>Es<br> liderazgo<\/h4>\n<p> Invitado: <b>Dr. Emerson Gasparetto<\/b><\/p>\n<p> Moderaci\u00f3n: <b>Dra. Aline Guimar\u00e3es<\/b><\/p>\n<\/body><\/div>\n\t\t\t\t\t\t<\/div>\n\t\t\t\t<\/div>\n\t\t\t\t<\/div>\n\t\t<div class=\"elementor-element elementor-element-ec84b96 e-con-full e-flex e-con e-child\" data-id=\"ec84b96\" data-element_type=\"container\">\n\t\t\t\t<div class=\"elementor-element elementor-element-265bf92 elementor-widget elementor-widget-shortcode\" data-id=\"265bf92\" data-element_type=\"widget\" data-widget_type=\"shortcode.default\">\n\t\t\t\t<div class=\"elementor-widget-container\">\n\t\t\t\t\t\t\t<div class=\"elementor-shortcode\"><iframe data-testid=\"embed-iframe\" style=\"border-radius:12px\" src=\"https:\/\/open.spotify.com\/embed\/episode\/3dhgfcUIakqroZjl9ge9uG\/video?utm_source=generator\" width=\"496\" height=\"279\" frameborder=\"0\" allowfullscreen=\"\" allow=\"autoplay; clipboard-write; encrypted-media; fullscreen; picture-in-picture\" loading=\"lazy\"><\/iframe>\n\n<body>\n<br>\n<h3>Episodio 38<\/h3>\n<h4>Sociedad protagonista<br> en la transformaci\u00f3n<br> desde el<br> salud<\/h4>\n<p> Invitado: <b>Dra. Ivie Braga de Paula<\/b><\/p>\n<p> Moderaci\u00f3n: <b>Dra. Aline Guimar\u00e3es<\/b><\/p>\n<\/body><\/div>\n\t\t\t\t\t\t<\/div>\n\t\t\t\t<\/div>\n\t\t\t\t<\/div>\n\t\t<div class=\"elementor-element elementor-element-84fdd36 e-con-full e-flex e-con e-child\" data-id=\"84fdd36\" data-element_type=\"container\">\n\t\t\t\t<div class=\"elementor-element elementor-element-631f26b elementor-widget elementor-widget-shortcode\" data-id=\"631f26b\" data-element_type=\"widget\" data-widget_type=\"shortcode.default\">\n\t\t\t\t<div class=\"elementor-widget-container\">\n\t\t\t\t\t\t\t<div class=\"elementor-shortcode\"><iframe data-testid=\"embed-iframe\" style=\"border-radius:12px\" src=\"https:\/\/open.spotify.com\/embed\/episode\/5RxiNO0NT7bIhZLq1G33DW\/video?utm_source=generator\" width=\"496\" height=\"279\" frameborder=\"0\" allowfullscreen=\"\" allow=\"autoplay; clipboard-write; encrypted-media; fullscreen; picture-in-picture\" loading=\"lazy\"><\/iframe>\n<body>\n<br>\n<h3>Episodio 39<\/h3>\n<h4>Prioridades fluidas<br> a lo largo de <br> de vida<br> profesional<\/h4>\n<p> Invitado: <b>Dr. Rogerio Caldana<\/b><\/p>\n<p> Moderaci\u00f3n: <b>doctor Giuseppe D&#039;Ippolito <\/b><\/p>\n<\/body><\/div>\n\t\t\t\t\t\t<\/div>\n\t\t\t\t<\/div>\n\t\t\t\t<\/div>\n\t\t<div class=\"elementor-element elementor-element-ad40298 e-con-full e-flex e-con e-child\" data-id=\"ad40298\" data-element_type=\"container\">\n\t\t\t\t<div class=\"elementor-element elementor-element-6b4f754 elementor-widget elementor-widget-shortcode\" data-id=\"6b4f754\" data-element_type=\"widget\" data-widget_type=\"shortcode.default\">\n\t\t\t\t<div class=\"elementor-widget-container\">\n\t\t\t\t\t\t\t<div class=\"elementor-shortcode\"><iframe data-testid=\"embed-iframe\" style=\"border-radius:12px\" src=\"https:\/\/open.spotify.com\/embed\/episode\/4nixjdOaPV4C4EZWHGDF5y\/video?utm_source=generator\" width=\"624\" height=\"279\" frameborder=\"0\" allowfullscreen=\"\" allow=\"autoplay; clipboard-write; encrypted-media; fullscreen; picture-in-picture\" loading=\"lazy\"><\/iframe>\n<body>\n<br>\n<h3>Episodio 40<\/h3>\n<h4>Mentor\u00eda y ense\u00f1anza: C\u00f3mo extender tu carrera de forma natural y c\u00f3mo dejar un legado.<\/h4>\n<p> Invitado: <b>Dr. Luis Ronan<\/b><\/p>\n<p> Moderaci\u00f3n: <b>doctor Giuseppe D&#039;Ippolito<\/b><\/p>\n<\/body><\/div>\n\t\t\t\t\t\t<\/div>\n\t\t\t\t<\/div>\n\t\t\t\t<\/div>\n\t\t<div class=\"elementor-element elementor-element-a68689f e-con-full e-flex e-con e-child\" data-id=\"a68689f\" data-element_type=\"container\">\n\t\t\t\t<div class=\"elementor-element elementor-element-9468ad1 elementor-widget elementor-widget-shortcode\" data-id=\"9468ad1\" data-element_type=\"widget\" data-widget_type=\"shortcode.default\">\n\t\t\t\t<div class=\"elementor-widget-container\">\n\t\t\t\t\t\t\t<div class=\"elementor-shortcode\"><iframe data-testid=\"embed-iframe\" style=\"border-radius:12px\" src=\"https:\/\/open.spotify.com\/embed\/episode\/4u73kFshkN5alVXGHI9OVB\/video?utm_source=generator\" width=\"496\" height=\"279\" frameborder=\"0\" allowfullscreen=\"\" allow=\"autoplay; clipboard-write; encrypted-media; fullscreen; picture-in-picture\" loading=\"lazy\"><\/iframe>\n\n\n<body>\n<br>\n<h3>Episodio 41<\/h3>\n<h4>Noticias falsas<br> en<br> Radiolog\u00eda <\/h4>\n<p> Invitado: <b><br>Dr. Beatriz Mara\u00f1\u00f3n<\/b><\/p>\n<p> Moderaci\u00f3n: <b>Dra. Aline Guimar\u00e3es<\/b><\/p>\n<\/body><\/div>\n\t\t\t\t\t\t<\/div>\n\t\t\t\t<\/div>\n\t\t\t\t<\/div>\n\t\t<div class=\"elementor-element elementor-element-f2218c1 e-con-full e-flex e-con e-child\" data-id=\"f2218c1\" data-element_type=\"container\">\n\t\t\t\t<div class=\"elementor-element elementor-element-bd2fdd6 elementor-widget elementor-widget-shortcode\" data-id=\"bd2fdd6\" data-element_type=\"widget\" data-widget_type=\"shortcode.default\">\n\t\t\t\t<div class=\"elementor-widget-container\">\n\t\t\t\t\t\t\t<div class=\"elementor-shortcode\"><iframe data-testid=\"embed-iframe\" style=\"border-radius:12px\" src=\"https:\/\/open.spotify.com\/embed\/episode\/6hvdx8xTuHuwORlaLclBAQ\/video?utm_source=generator\" width=\"624\" height=\"279\" frameborder=\"0\" allowfullscreen=\"\" allow=\"autoplay; clipboard-write; encrypted-media; fullscreen; picture-in-picture\" loading=\"lazy\"><\/iframe>\n\n\n<body>\n<br>\n<h3>Episodio 42<\/h3>\n<h4>Trasladarse a otro pa\u00eds tras alcanzar la estabilidad profesional: Opciones e implicaciones <\/h4>\n<p> Hu\u00e9spedes: <b><br>Dres. Luis de Abreu y Marcelo Bordalo<\/b><\/p>\n<p> Moderaci\u00f3n: <b>doctor Giuseppe D&#039;Ippolito<\/b><\/p>\n<\/body><\/div>\n\t\t\t\t\t\t<\/div>\n\t\t\t\t<\/div>\n\t\t\t\t<\/div>\n\t\t<div class=\"elementor-element elementor-element-9275034 e-con-full e-flex e-con e-child\" data-id=\"9275034\" data-element_type=\"container\">\n\t\t\t\t<div class=\"elementor-element elementor-element-e55e1e4 elementor-widget elementor-widget-shortcode\" data-id=\"e55e1e4\" data-element_type=\"widget\" data-widget_type=\"shortcode.default\">\n\t\t\t\t<div class=\"elementor-widget-container\">\n\t\t\t\t\t\t\t<div class=\"elementor-shortcode\"><iframe data-testid=\"embed-iframe\" style=\"border-radius:12px\" src=\"https:\/\/open.spotify.com\/embed\/episode\/4vs3lHb3tNAAl3Slzas18z\/video?utm_source=generator\" width=\"496\" height=\"279\" frameborder=\"0\" allowfullscreen=\"\" allow=\"autoplay; clipboard-write; encrypted-media; fullscreen; picture-in-picture\" loading=\"lazy\"><\/iframe>\n\n<body>\n<br>\n<h3>Episodio 43<\/h3>\n<h4>La importancia de<br> establecer redes a lo largo de<br> carrera<\/h4>\n<p> Invitado: <b><br>doctor ronaldo baroni<\/b><\/p>\n<p> Moderaci\u00f3n: <b>Dra. Aline Guimar\u00e3es<\/b><\/p>\n<\/body><\/div>\n\t\t\t\t\t\t<\/div>\n\t\t\t\t<\/div>\n\t\t\t\t<\/div>\n\t\t<div class=\"elementor-element elementor-element-b503899 e-con-full e-flex e-con e-child\" data-id=\"b503899\" data-element_type=\"container\">\n\t\t\t\t<div class=\"elementor-element elementor-element-aeafe81 elementor-widget elementor-widget-shortcode\" data-id=\"aeafe81\" data-element_type=\"widget\" data-widget_type=\"shortcode.default\">\n\t\t\t\t<div class=\"elementor-widget-container\">\n\t\t\t\t\t\t\t<div class=\"elementor-shortcode\"><iframe data-testid=\"embed-iframe\" style=\"border-radius:12px\" src=\"https:\/\/open.spotify.com\/embed\/episode\/0ZmfEgLGwV5SinUDiLBewf\/video?utm_source=generator\" width=\"496\" height=\"279\" frameborder=\"0\" allowfullscreen=\"\" allow=\"autoplay; clipboard-write; encrypted-media; fullscreen; picture-in-picture\" loading=\"lazy\"><\/iframe>\n\n\n<body>\n<br>\n<h3>Episodio 44<\/h3>\n<h4>Radiolog\u00eda<br> sin fronteras <\/h4>\n<p> Invitado: <b>Dr. Marcos Menezes<\/b><\/p>\n<p> Moderaci\u00f3n: <b>Dra. Aline Guimar\u00e3es<\/b><\/p>\n<\/body><\/div>\n\t\t\t\t\t\t<\/div>\n\t\t\t\t<\/div>\n\t\t\t\t<\/div>\n\t\t<div class=\"elementor-element elementor-element-1c6d421 e-con-full e-flex e-con e-child\" data-id=\"1c6d421\" data-element_type=\"container\">\n\t\t\t\t<div class=\"elementor-element elementor-element-79257e1 elementor-widget elementor-widget-shortcode\" data-id=\"79257e1\" data-element_type=\"widget\" data-widget_type=\"shortcode.default\">\n\t\t\t\t<div class=\"elementor-widget-container\">\n\t\t\t\t\t\t\t<div class=\"elementor-shortcode\"><iframe data-testid=\"embed-iframe\" style=\"border-radius:12px\" src=\"https:\/\/open.spotify.com\/embed\/episode\/3LAAwZc14g1lZIrBnmdyOl\/video?utm_source=generator\" width=\"496\" height=\"279\" frameborder=\"0\" allowfullscreen=\"\" allow=\"autoplay; clipboard-write; encrypted-media; fullscreen; picture-in-picture\" loading=\"lazy\"><\/iframe>\n\n<body>\n<br>\n<h3>Episodio 45<\/h3>\n<h4>A\u00f1o<br> Sab\u00e1tico<\/h4>\n<p> Invitado: <b>doctor Giuseppe D&#039;Ippolito<\/b><\/p>\n<p> Moderaci\u00f3n: <b>Dra. Aline Guimar\u00e3es<\/b><\/p>\n<\/body><\/div>\n\t\t\t\t\t\t<\/div>\n\t\t\t\t<\/div>\n\t\t\t\t<\/div>\n\t\t<div class=\"elementor-element elementor-element-c14c724 e-con-full e-flex e-con e-child\" data-id=\"c14c724\" data-element_type=\"container\">\n\t\t\t\t<div class=\"elementor-element elementor-element-c79f6e9 elementor-widget elementor-widget-shortcode\" data-id=\"c79f6e9\" data-element_type=\"widget\" data-widget_type=\"shortcode.default\">\n\t\t\t\t<div class=\"elementor-widget-container\">\n\t\t\t\t\t\t\t<div class=\"elementor-shortcode\"><iframe data-testid=\"embed-iframe\" style=\"border-radius:12px\" src=\"https:\/\/open.spotify.com\/embed\/episode\/00xF7CpLAPvZawKoNMVoNX\/video?utm_source=generator\" width=\"496\" height=\"279\" frameborder=\"0\" allowfullscreen=\"\" allow=\"autoplay; clipboard-write; encrypted-media; fullscreen; picture-in-picture\" loading=\"lazy\"><\/iframe>\n<body>\n<br>\n<h3>Episodio 46<\/h3>\n<h4>Brecha generacional:<br> Comprender para crecer<\/h4>\n<p> Invitado: <b>Luciana Guedes Pinto<\/b><\/p>\n<p> Moderaci\u00f3n: <b>doctor Giuseppe D&#039;Ippolito<\/b><\/p>\n<\/body><\/div>\n\t\t\t\t\t\t<\/div>\n\t\t\t\t<\/div>\n\t\t\t\t<\/div>\n\t\t<div class=\"elementor-element elementor-element-f4748f8 e-con-full e-flex e-con e-child\" data-id=\"f4748f8\" data-element_type=\"container\">\n\t\t\t\t<div class=\"elementor-element elementor-element-9ac5927 elementor-widget elementor-widget-shortcode\" data-id=\"9ac5927\" data-element_type=\"widget\" data-widget_type=\"shortcode.default\">\n\t\t\t\t<div class=\"elementor-widget-container\">\n\t\t\t\t\t\t\t<div class=\"elementor-shortcode\"><iframe data-testid=\"embed-iframe\" style=\"border-radius:12px\" src=\"https:\/\/open.spotify.com\/embed\/episode\/0wOOVq1itl6ij79s18scEJ\/video?utm_source=generator\" width=\"496\" height=\"279\" frameborder=\"0\" allowfullscreen=\"\" allow=\"autoplay; clipboard-write; encrypted-media; fullscreen; picture-in-picture\" loading=\"lazy\"><\/iframe>\n\n<body>\n<br>\n<h3>Episodio 47<\/h3>\n<h4>Tecnolog\u00edas emergentes<br> c\u00f3mo mantenerse actualizado<\/h4>\n<p> Invitado: <b>Dr. Leonardo Kayat<\/b><\/p>\n<p> Moderaci\u00f3n: <b>doctor Giuseppe D&#039;Ippolito<\/b><\/p>\n<\/body><\/div>\n\t\t\t\t\t\t<\/div>\n\t\t\t\t<\/div>\n\t\t\t\t<\/div>\n\t\t<div class=\"elementor-element elementor-element-06e8299 e-con-full e-flex e-con e-child\" data-id=\"06e8299\" data-element_type=\"container\">\n\t\t\t\t<div class=\"elementor-element elementor-element-70bcbf8 elementor-widget elementor-widget-shortcode\" data-id=\"70bcbf8\" data-element_type=\"widget\" data-widget_type=\"shortcode.default\">\n\t\t\t\t<div class=\"elementor-widget-container\">\n\t\t\t\t\t\t\t<div class=\"elementor-shortcode\"><iframe data-testid=\"embed-iframe\" style=\"border-radius:12px\" src=\"https:\/\/open.spotify.com\/embed\/episode\/6LTCvF5fkQRImq3XqmPRma\/video?utm_source=generator\" width=\"496\" height=\"279\" frameborder=\"0\" allowfullscreen=\"\" allow=\"autoplay; clipboard-write; encrypted-media; fullscreen; picture-in-picture\" loading=\"lazy\"><\/iframe>\n\n<body>\n<br>\n<h3>Episodio 48<\/h3>\n<h4>Radiolog\u00eda<br> Solidaridad<\/h4>\n<p> Hu\u00e9spedes: <b>Dres. Ivie Braga de Paula y Luciane St\u00fcpp<\/b><\/p>\n<p> Moderaci\u00f3n: <b>Dra. Aline Guimar\u00e3es<\/b><\/p>\n<\/body><\/div>\n\t\t\t\t\t\t<\/div>\n\t\t\t\t<\/div>\n\t\t\t\t<\/div>\n\t\t<div class=\"elementor-element elementor-element-7ee31e7 e-con-full e-flex e-con e-child\" data-id=\"7ee31e7\" data-element_type=\"container\">\n\t\t\t\t<div class=\"elementor-element elementor-element-fd66393 elementor-widget elementor-widget-shortcode\" data-id=\"fd66393\" data-element_type=\"widget\" data-widget_type=\"shortcode.default\">\n\t\t\t\t<div class=\"elementor-widget-container\">\n\t\t\t\t\t\t\t<div class=\"elementor-shortcode\"><iframe data-testid=\"embed-iframe\" style=\"border-radius:12px\" src=\"https:\/\/open.spotify.com\/embed\/episode\/59nFl1sME8yCksDex7TUkd\/video?utm_source=generator\" width=\"496\" height=\"279\" frameborder=\"0\" allowfullscreen=\"\" allow=\"autoplay; clipboard-write; encrypted-media; fullscreen; picture-in-picture\" loading=\"lazy\"><\/iframe>\n\n<body>\n<br>\n<h3>Episodio 49<\/h3>\n<h4>m\u00e9dicos<br> en el Sert\u00e3o<\/h4>\n<p> Hu\u00e9spedes: <b>Las doctoras Linei Urban y Mariana Ferri<\/b><\/p>\n<p> Moderaci\u00f3n: <b>Dra. Aline Guimar\u00e3es<\/b><\/p>\n<\/body><\/div>\n\t\t\t\t\t\t<\/div>\n\t\t\t\t<\/div>\n\t\t\t\t<\/div>\n\t\t<div class=\"elementor-element elementor-element-1a4519e e-con-full e-flex e-con e-child\" data-id=\"1a4519e\" data-element_type=\"container\">\n\t\t\t\t<div class=\"elementor-element elementor-element-bd35f3b elementor-widget elementor-widget-shortcode\" data-id=\"bd35f3b\" data-element_type=\"widget\" data-widget_type=\"shortcode.default\">\n\t\t\t\t<div class=\"elementor-widget-container\">\n\t\t\t\t\t\t\t<div class=\"elementor-shortcode\"><iframe data-testid=\"embed-iframe\" style=\"border-radius:12px\" src=\"https:\/\/open.spotify.com\/embed\/episode\/2AqwRfQaSTIjC5LkrPp4Iv\/video?utm_source=generator\" width=\"496\" height=\"279\" frameborder=\"0\" allowfullscreen=\"\" allow=\"autoplay; clipboard-write; encrypted-media; fullscreen; picture-in-picture\" loading=\"lazy\"><\/iframe>\n\n\n<body>\n<br>\n<h3>Episodio 50<\/h3>\n<h4>Gesti\u00f3n de carrera para <br>\u00bfEs posible un cambio de carrera para los radi\u00f3logos mayores de 50 a\u00f1os?<\/h4>\n<p> Invitado: <b>Dr. Marcelo Nico<\/b><\/p>\n<p> Moderaci\u00f3n: <b>doctor Giuseppe D&#039;Ippolito<\/b><\/p>\n<\/body><\/div>\n\t\t\t\t\t\t<\/div>\n\t\t\t\t<\/div>\n\t\t\t\t<\/div>\n\t\t<div class=\"elementor-element elementor-element-4f9fd9b e-con-full e-flex e-con e-child\" data-id=\"4f9fd9b\" data-element_type=\"container\">\n\t\t\t\t<\/div>\n\t\t<div class=\"elementor-element elementor-element-767954d e-con-full e-flex e-con e-child\" data-id=\"767954d\" data-element_type=\"container\">\n\t\t\t\t<\/div>\n\t\t<div class=\"elementor-element elementor-element-aacbe27 e-con-full e-flex e-con e-child\" data-id=\"aacbe27\" data-element_type=\"container\">\n\t\t\t\t<\/div>\n\t\t<div class=\"elementor-element elementor-element-9f81e16 e-con-full e-flex e-con e-child\" data-id=\"9f81e16\" data-element_type=\"container\">\n\t\t\t\t<\/div>\n\t\t<div class=\"elementor-element elementor-element-049f186 e-con-full e-flex e-con e-child\" data-id=\"049f186\" data-element_type=\"container\">\n\t\t\t\t<\/div>\n\t\t<div class=\"elementor-element elementor-element-947f361 e-con-full e-flex e-con e-child\" data-id=\"947f361\" data-element_type=\"container\">\n\t\t\t\t<\/div>\n\t\t<div class=\"elementor-element elementor-element-2bff953 e-con-full e-flex e-con e-child\" data-id=\"2bff953\" data-element_type=\"container\">\n\t\t\t\t<\/div>\n\t\t<div class=\"elementor-element elementor-element-dd9295d e-con-full e-flex e-con e-child\" data-id=\"dd9295d\" data-element_type=\"container\">\n\t\t\t\t<\/div>\n\t\t<div class=\"elementor-element elementor-element-c33a53a e-con-full e-flex e-con e-child\" data-id=\"c33a53a\" data-element_type=\"container\">\n\t\t\t\t<\/div>\n\t\t<div class=\"elementor-element elementor-element-a75c689 e-con-full e-flex e-con e-child\" data-id=\"a75c689\" data-element_type=\"container\">\n\t\t\t\t<\/div>\n\t\t<div class=\"elementor-element elementor-element-dd7e4b6 e-con-full e-flex e-con e-child\" data-id=\"dd7e4b6\" data-element_type=\"container\">\n\t\t\t\t<\/div>\n\t\t<div class=\"elementor-element elementor-element-20db5c0 e-con-full e-flex e-con e-child\" data-id=\"20db5c0\" data-element_type=\"container\">\n\t\t\t\t<\/div>\n\t\t<div class=\"elementor-element elementor-element-8a9ddb2 e-con-full e-flex e-con e-child\" data-id=\"8a9ddb2\" data-element_type=\"container\">\n\t\t\t\t<\/div>\n\t\t<div class=\"elementor-element elementor-element-d7572e9 e-con-full e-flex e-con e-child\" data-id=\"d7572e9\" data-element_type=\"container\">\n\t\t\t\t<\/div>\n\t\t<div class=\"elementor-element elementor-element-2b62682 e-con-full e-flex e-con e-child\" data-id=\"2b62682\" data-element_type=\"container\">\n\t\t\t\t<\/div>\n\t\t<div class=\"elementor-element elementor-element-58905f2 e-con-full e-flex e-con e-child\" data-id=\"58905f2\" data-element_type=\"container\">\n\t\t\t\t<\/div>\n\t\t<div class=\"elementor-element elementor-element-2eec0f3 e-con-full e-flex e-con e-child\" data-id=\"2eec0f3\" data-element_type=\"container\">\n\t\t\t\t<\/div>\n\t\t\t\t\t<\/div>\n\t\t\t\t<\/div>\n\t\t<div class=\"elementor-element elementor-element-d64d779 e-flex e-con-boxed e-con e-parent\" data-id=\"d64d779\" data-element_type=\"container\">\n\t\t\t\t\t<div class=\"e-con-inner\">\n\t\t\t\t<div class=\"elementor-element elementor-element-47d3052 elementor-widget elementor-widget-spacer\" data-id=\"47d3052\" data-element_type=\"widget\" data-widget_type=\"spacer.default\">\n\t\t\t\t<div class=\"elementor-widget-container\">\n\t\t\t\t\t\t\t<div class=\"elementor-spacer\">\n\t\t\t<div class=\"elementor-spacer-inner\"><\/div>\n\t\t<\/div>\n\t\t\t\t\t\t<\/div>\n\t\t\t\t<\/div>\n\t\t\t\t\t<\/div>\n\t\t\t\t<\/div>\n\t\t\t\t<\/div>","protected":false},"excerpt":{"rendered":"<p>La segunda temporada del podcast cultural de CBR presenta una serie de episodios interesantes e instructivos que van m\u00e1s all\u00e1 de la radiolog\u00eda. A lo largo de los episodios, expertos en radiolog\u00eda y especialistas de otros campos se reunieron para debatir temas relevantes y actuales. Cada episodio explora los retos, las innovaciones y las tendencias de la profesi\u00f3n, abordando desde los avances tecnol\u00f3gicos hasta las cuestiones \u00e9ticas y\u2026 <a href=\"https:\/\/cbr.org.br\/es\/cbr-podcast-temporada-1-2\/\">Sigue leyendo<\/a><\/p>","protected":false},"author":8,"featured_media":0,"parent":0,"menu_order":0,"comment_status":"closed","ping_status":"closed","template":"","meta":{"_acf_changed":false,"footnotes":""},"class_list":["post-53434","page","type-page","status-publish","hentry"],"acf":[],"_links":{"self":[{"href":"https:\/\/cbr.org.br\/es\/wp-json\/wp\/v2\/pages\/53434","targetHints":{"allow":["GET"]}}],"collection":[{"href":"https:\/\/cbr.org.br\/es\/wp-json\/wp\/v2\/pages"}],"about":[{"href":"https:\/\/cbr.org.br\/es\/wp-json\/wp\/v2\/types\/page"}],"author":[{"embeddable":true,"href":"https:\/\/cbr.org.br\/es\/wp-json\/wp\/v2\/users\/8"}],"replies":[{"embeddable":true,"href":"https:\/\/cbr.org.br\/es\/wp-json\/wp\/v2\/comments?post=53434"}],"version-history":[{"count":3,"href":"https:\/\/cbr.org.br\/es\/wp-json\/wp\/v2\/pages\/53434\/revisions"}],"predecessor-version":[{"id":53455,"href":"https:\/\/cbr.org.br\/es\/wp-json\/wp\/v2\/pages\/53434\/revisions\/53455"}],"wp:attachment":[{"href":"https:\/\/cbr.org.br\/es\/wp-json\/wp\/v2\/media?parent=53434"}],"curies":[{"name":"wp","href":"https:\/\/api.w.org\/{rel}","templated":true}]}}